{"id":10,"date":"2023-07-14T14:09:11","date_gmt":"2023-07-14T12:09:11","guid":{"rendered":"http:\/\/almos-tallos.com\/?page_id=10"},"modified":"2026-03-14T12:04:37","modified_gmt":"2026-03-14T11:04:37","slug":"about","status":"publish","type":"page","link":"http:\/\/almos-tallos.com\/en\/about\/","title":{"rendered":"\u00c1LMOS L\u00c1SZL\u00d3 TALL\u00d3S"},"content":{"rendered":"<div data-elementor-type=\"wp-page\" data-elementor-id=\"10\" class=\"elementor elementor-10\">\n\t\t\t\t\t\t<section class=\"elementor-section elementor-top-section elementor-element elementor-element-bf94854 elementor-section-boxed elementor-section-height-default elementor-section-height-default\" data-id=\"bf94854\" data-element_type=\"section\" data-e-type=\"section\">\n\t\t\t\t\t\t<div class=\"elementor-container elementor-column-gap-wider\">\n\t\t\t\t\t<div class=\"elementor-column elementor-col-33 elementor-top-column elementor-element elementor-element-302caf2\" data-id=\"302caf2\" data-element_type=\"column\" data-e-type=\"column\">\n\t\t\t<div class=\"elementor-widget-wrap elementor-element-populated\">\n\t\t\t\t\t\t<div class=\"elementor-element elementor-element-39531aa elementor-widget elementor-widget-image\" data-id=\"39531aa\" data-element_type=\"widget\" data-e-type=\"widget\" data-widget_type=\"image.default\">\n\t\t\t\t<div class=\"elementor-widget-container\">\n\t\t\t\t\t\t\t\t\t\t\t\t\t\t\t<img fetchpriority=\"high\" decoding=\"async\" width=\"705\" height=\"1024\" src=\"http:\/\/almos-tallos.com\/wp-content\/uploads\/2023\/07\/P1024466-705x1024.jpg\" class=\"attachment-large size-large wp-image-128\" alt=\"\" srcset=\"http:\/\/almos-tallos.com\/wp-content\/uploads\/2023\/07\/P1024466-705x1024.jpg 705w, http:\/\/almos-tallos.com\/wp-content\/uploads\/2023\/07\/P1024466-206x300.jpg 206w, http:\/\/almos-tallos.com\/wp-content\/uploads\/2023\/07\/P1024466-768x1116.jpg 768w, http:\/\/almos-tallos.com\/wp-content\/uploads\/2023\/07\/P1024466-1057x1536.jpg 1057w, http:\/\/almos-tallos.com\/wp-content\/uploads\/2023\/07\/P1024466.jpg 1199w\" sizes=\"(max-width: 705px) 100vw, 705px\" \/>\t\t\t\t\t\t\t\t\t\t\t\t\t\t\t<\/div>\n\t\t\t\t<\/div>\n\t\t\t\t\t<\/div>\n\t\t<\/div>\n\t\t\t\t<div class=\"elementor-column elementor-col-66 elementor-top-column elementor-element elementor-element-aad31e6\" data-id=\"aad31e6\" data-element_type=\"column\" data-e-type=\"column\">\n\t\t\t<div class=\"elementor-widget-wrap elementor-element-populated\">\n\t\t\t\t\t\t<div class=\"elementor-element elementor-element-c482c09 elementor-widget elementor-widget-text-editor\" data-id=\"c482c09\" data-element_type=\"widget\" data-e-type=\"widget\" data-widget_type=\"text-editor.default\">\n\t\t\t\t<div class=\"elementor-widget-container\">\n\t\t\t\t\t\t\t\t\t<p><strong>ABOUT \u00c1LMOS L\u00c1SZL\u00d3 TALL\u00d3S<\/strong><\/p><p>\u00c1lmos L\u00e1szl\u00f3 Tall\u00f3s, born in 2003, began his harp studies at the age of nine at a music school under the guidance of harp teacher M\u00e1rta Szederk\u00e9nyi-Horv\u00e1th. From 2017 to 2021, he continued his education at the Szent Istv\u00e1n Music Gymnasium, where his harp teacher was Deborah Sipkay. There, he deepened his knowledge in music literature, music theory, solfeggio, and composition. During this time, he also gained valuable experience in orchestral and chamber music playing. Since October 2021, he has been studying with Prof. Xavier de Maistre and Ana\u00eblle Tourret at the Hamburg University of Music and Drama. In the academic year 2025\/26, he is studying as part of the Erasmus scholarship at the CNSMDP in Paris with Isabelle Moretti and Genevi\u00e8ve L\u00e9tang. Besides working with his current teachers, he has actively participated in masterclasses with renowned artists such as Catherine Michel, Maria Graf, Marie-Pierre Langlamet, Anneleen Lenaerts, and Alexander Boldachev.<\/p><p>In June 2025, he won the audition with the Philharmonic State Orchestra Hamburg, and starting in September 2025, he will be an academy member at the Hamburg State Opera. He performs regularly both as a soloist and with orchestras. In 2021 and 2022, he appeared as a soloist with the Szent Istv\u00e1n Philharmonic. He played \"Danse sacr\u00e9e et profane\" in the Great Hall of the Liszt Ferenc Academy of Music in Budapest and subsequently toured with the orchestra. He was an invited artist at the International Harp Festival in G\u00f6d\u00f6ll\u0151, the Ars Sacra Festival in Budapest, and the International Mendelssohn Festival in Hamburg, performing several solo and chamber music concerts.<\/p><p>Tall\u00f3s has been awarded at various harp competitions: He won the 1st prize in the U19 category and the Weininger Rich\u00e1rd Special Prize at the 5th International Harp Competition in Szeged, Hungary, in 2019. During the pandemic, he participated in online competitions and won the 1st prize (platinum medal) at the Grand Metropolitan International Music Competition 2021, as well as the gold medal in the U19 category at the 6th Hong Kong International Harp Competition. He also participated in the 12th USA International Harp Competition and the 72nd ARD International Music Competition in Munich. In September 2024, he won the Elsie K\u00fchn-Leitz Scholarship, which resulted in several concert invitations for the 2025\/26 season in Wetzlar and Avignon. The Berenberg Foundation named him a scholar in 2026.<\/p><p>In his career, he strives to be a versatile artist. In addition to his concert activities, he composes his own works and creates arrangements. In his solo performances, he often plays his own pieces and aims to create accessible contemporary music for the harp to explore the instrument\u2019s diverse possibilities. He participates in projects with exceptional aspects: In October 2022, his vision for a CD recording titled \"WELTTANZ\" earned him a finalist position for the Fanny Mendelssohn F\u00f6rderpreis. Since February 2022, he has been working with the association \"Yehudi Menuhin LIVE MUSIC NOW HAMBURG\" to bring music closer to people living in social institutions. He is a \"Star of Tomorrow\" at the European Harp Symposium 2025, presenting an unusual program, including his own \"Sonata pour harpe op. 6\". At the request of his professor, Xavier de Maistre, he arranged the organ concerto HWV 293 Op. 4 No. 5 by G. F. Handel for harp. The piece is featured on de Maistre's new album \"H\u00e4ndel.\"<\/p><p>\u00a0<\/p><p>\u00a0<\/p>\t\t\t\t\t\t\t\t<\/div>\n\t\t\t\t<\/div>\n\t\t\t\t\t<\/div>\n\t\t<\/div>\n\t\t\t\t\t<\/div>\n\t\t<\/section>\n\t\t\t\t<section class=\"elementor-section elementor-top-section elementor-element elementor-element-8aab935 elementor-section-height-min-height elementor-section-boxed elementor-section-height-default elementor-section-items-middle\" data-id=\"8aab935\" data-element_type=\"section\" data-e-type=\"section\">\n\t\t\t\t\t\t<div class=\"elementor-container elementor-column-gap-default\">\n\t\t\t\t\t<div class=\"elementor-column elementor-col-100 elementor-top-column elementor-element elementor-element-d4877dd\" data-id=\"d4877dd\" data-element_type=\"column\" data-e-type=\"column\">\n\t\t\t<div class=\"elementor-widget-wrap\">\n\t\t\t\t\t\t\t<\/div>\n\t\t<\/div>\n\t\t\t\t\t<\/div>\n\t\t<\/section>\n\t\t\t\t<section class=\"elementor-section elementor-top-section elementor-element elementor-element-73a2faa elementor-section-boxed elementor-section-height-default elementor-section-height-default\" data-id=\"73a2faa\" data-element_type=\"section\" data-e-type=\"section\" data-settings=\"{&quot;background_background&quot;:&quot;classic&quot;}\">\n\t\t\t\t\t\t<div class=\"elementor-container elementor-column-gap-default\">\n\t\t\t\t\t<div class=\"elementor-column elementor-col-33 elementor-top-column elementor-element elementor-element-117993e5\" data-id=\"117993e5\" data-element_type=\"column\" data-e-type=\"column\">\n\t\t\t<div class=\"elementor-widget-wrap elementor-element-populated\">\n\t\t\t\t\t\t<div class=\"elementor-element elementor-element-2423af7f elementor-invisible elementor-widget elementor-widget-heading\" data-id=\"2423af7f\" data-element_type=\"widget\" data-e-type=\"widget\" data-settings=\"{&quot;_animation&quot;:&quot;fadeIn&quot;}\" data-widget_type=\"heading.default\">\n\t\t\t\t<div class=\"elementor-widget-container\">\n\t\t\t\t\t<h4 class=\"elementor-heading-title elementor-size-default\">\u00c1LMOS L\u00c1SZL\u00d3 TALL\u00d3S<\/h4>\t\t\t\t<\/div>\n\t\t\t\t<\/div>\n\t\t\t\t<div class=\"elementor-element elementor-element-15ca3182 elementor-widget-divider--view-line elementor-invisible elementor-widget elementor-widget-divider\" data-id=\"15ca3182\" data-element_type=\"widget\" data-e-type=\"widget\" data-settings=\"{&quot;_animation&quot;:&quot;fadeIn&quot;}\" data-widget_type=\"divider.default\">\n\t\t\t\t<div class=\"elementor-widget-container\">\n\t\t\t\t\t\t\t<div class=\"elementor-divider\">\n\t\t\t<span class=\"elementor-divider-separator\">\n\t\t\t\t\t\t<\/span>\n\t\t<\/div>\n\t\t\t\t\t\t<\/div>\n\t\t\t\t<\/div>\n\t\t\t\t<div class=\"elementor-element elementor-element-1f64db8a elementor-widget elementor-widget-text-editor\" data-id=\"1f64db8a\" data-element_type=\"widget\" data-e-type=\"widget\" data-widget_type=\"text-editor.default\">\n\t\t\t\t<div class=\"elementor-widget-container\">\n\t\t\t\t\t\t\t\t\t<p>(c) 2023 All Rights Reserved.<\/p>\t\t\t\t\t\t\t\t<\/div>\n\t\t\t\t<\/div>\n\t\t\t\t\t<\/div>\n\t\t<\/div>\n\t\t\t\t<div class=\"elementor-column elementor-col-33 elementor-top-column elementor-element elementor-element-551d6b2a\" data-id=\"551d6b2a\" data-element_type=\"column\" data-e-type=\"column\">\n\t\t\t<div class=\"elementor-widget-wrap elementor-element-populated\">\n\t\t\t\t\t\t<div class=\"elementor-element elementor-element-ebfa57b elementor-invisible elementor-widget elementor-widget-heading\" data-id=\"ebfa57b\" data-element_type=\"widget\" data-e-type=\"widget\" data-settings=\"{&quot;_animation&quot;:&quot;fadeIn&quot;}\" data-widget_type=\"heading.default\">\n\t\t\t\t<div class=\"elementor-widget-container\">\n\t\t\t\t\t<h4 class=\"elementor-heading-title elementor-size-default\">LINKS<\/h4>\t\t\t\t<\/div>\n\t\t\t\t<\/div>\n\t\t\t\t<div class=\"elementor-element elementor-element-856ccd7 elementor-widget-divider--view-line elementor-invisible elementor-widget elementor-widget-divider\" data-id=\"856ccd7\" data-element_type=\"widget\" data-e-type=\"widget\" data-settings=\"{&quot;_animation&quot;:&quot;fadeIn&quot;}\" data-widget_type=\"divider.default\">\n\t\t\t\t<div class=\"elementor-widget-container\">\n\t\t\t\t\t\t\t<div class=\"elementor-divider\">\n\t\t\t<span class=\"elementor-divider-separator\">\n\t\t\t\t\t\t<\/span>\n\t\t<\/div>\n\t\t\t\t\t\t<\/div>\n\t\t\t\t<\/div>\n\t\t\t\t<div class=\"elementor-element elementor-element-31b04c8 elementor-align-start elementor-icon-list--layout-traditional elementor-list-item-link-full_width elementor-widget elementor-widget-icon-list\" data-id=\"31b04c8\" data-element_type=\"widget\" data-e-type=\"widget\" data-widget_type=\"icon-list.default\">\n\t\t\t\t<div class=\"elementor-widget-container\">\n\t\t\t\t\t\t\t<ul class=\"elementor-icon-list-items\">\n\t\t\t\t\t\t\t<li class=\"elementor-icon-list-item\">\n\t\t\t\t\t\t\t\t\t\t\t<a href=\"http:\/\/almos-tallos.com\/en\/contact\/\">\n\n\t\t\t\t\t\t\t\t\t\t\t\t<span class=\"elementor-icon-list-icon\">\n\t\t\t\t\t\t\t<i aria-hidden=\"true\" class=\"fas fa-circle\"><\/i>\t\t\t\t\t\t<\/span>\n\t\t\t\t\t\t\t\t\t\t<span class=\"elementor-icon-list-text\">CONTACT<\/span>\n\t\t\t\t\t\t\t\t\t\t\t<\/a>\n\t\t\t\t\t\t\t\t\t<\/li>\n\t\t\t\t\t\t\t\t<li class=\"elementor-icon-list-item\">\n\t\t\t\t\t\t\t\t\t\t\t<a href=\"http:\/\/almos-tallos.com\/en\/impressum\/\">\n\n\t\t\t\t\t\t\t\t\t\t\t\t<span class=\"elementor-icon-list-icon\">\n\t\t\t\t\t\t\t<i aria-hidden=\"true\" class=\"fas fa-circle\"><\/i>\t\t\t\t\t\t<\/span>\n\t\t\t\t\t\t\t\t\t\t<span class=\"elementor-icon-list-text\">LEGAL NOTICE<\/span>\n\t\t\t\t\t\t\t\t\t\t\t<\/a>\n\t\t\t\t\t\t\t\t\t<\/li>\n\t\t\t\t\t\t\t\t<li class=\"elementor-icon-list-item\">\n\t\t\t\t\t\t\t\t\t\t\t<a href=\"http:\/\/almos-tallos.com\/en\/datenschutzerklaerung\/\">\n\n\t\t\t\t\t\t\t\t\t\t\t\t<span class=\"elementor-icon-list-icon\">\n\t\t\t\t\t\t\t<i aria-hidden=\"true\" class=\"fas fa-circle\"><\/i>\t\t\t\t\t\t<\/span>\n\t\t\t\t\t\t\t\t\t\t<span class=\"elementor-icon-list-text\">PRIVACY<\/span>\n\t\t\t\t\t\t\t\t\t\t\t<\/a>\n\t\t\t\t\t\t\t\t\t<\/li>\n\t\t\t\t\t\t<\/ul>\n\t\t\t\t\t\t<\/div>\n\t\t\t\t<\/div>\n\t\t\t\t\t<\/div>\n\t\t<\/div>\n\t\t\t\t<div class=\"elementor-column elementor-col-33 elementor-top-column elementor-element elementor-element-863cc00\" data-id=\"863cc00\" data-element_type=\"column\" data-e-type=\"column\">\n\t\t\t<div class=\"elementor-widget-wrap elementor-element-populated\">\n\t\t\t\t\t\t<div class=\"elementor-element elementor-element-691ee78a elementor-invisible elementor-widget elementor-widget-heading\" data-id=\"691ee78a\" data-element_type=\"widget\" data-e-type=\"widget\" data-settings=\"{&quot;_animation&quot;:&quot;fadeIn&quot;}\" data-widget_type=\"heading.default\">\n\t\t\t\t<div class=\"elementor-widget-container\">\n\t\t\t\t\t<h4 class=\"elementor-heading-title elementor-size-default\">SOCIAL<\/h4>\t\t\t\t<\/div>\n\t\t\t\t<\/div>\n\t\t\t\t<div class=\"elementor-element elementor-element-50da295e elementor-widget-divider--view-line elementor-invisible elementor-widget elementor-widget-divider\" data-id=\"50da295e\" data-element_type=\"widget\" data-e-type=\"widget\" data-settings=\"{&quot;_animation&quot;:&quot;fadeIn&quot;}\" data-widget_type=\"divider.default\">\n\t\t\t\t<div class=\"elementor-widget-container\">\n\t\t\t\t\t\t\t<div class=\"elementor-divider\">\n\t\t\t<span class=\"elementor-divider-separator\">\n\t\t\t\t\t\t<\/span>\n\t\t<\/div>\n\t\t\t\t\t\t<\/div>\n\t\t\t\t<\/div>\n\t\t\t\t<div class=\"elementor-element elementor-element-50efd3c e-grid-align-left e-grid-align-tablet-left elementor-shape-circle elementor-grid-0 elementor-widget elementor-widget-social-icons\" data-id=\"50efd3c\" data-element_type=\"widget\" data-e-type=\"widget\" data-widget_type=\"social-icons.default\">\n\t\t\t\t<div class=\"elementor-widget-container\">\n\t\t\t\t\t\t\t<div class=\"elementor-social-icons-wrapper elementor-grid\" role=\"list\">\n\t\t\t\t\t\t\t<span class=\"elementor-grid-item\" role=\"listitem\">\n\t\t\t\t\t<a class=\"elementor-icon elementor-social-icon elementor-social-icon-instagram elementor-repeater-item-b393bc8\" href=\"https:\/\/www.instagram.com\/almostallos\/\" target=\"_blank\">\n\t\t\t\t\t\t<span class=\"elementor-screen-only\">Instagram<\/span>\n\t\t\t\t\t\t<i aria-hidden=\"true\" class=\"fab fa-instagram\"><\/i>\t\t\t\t\t<\/a>\n\t\t\t\t<\/span>\n\t\t\t\t\t\t\t<span class=\"elementor-grid-item\" role=\"listitem\">\n\t\t\t\t\t<a class=\"elementor-icon elementor-social-icon elementor-social-icon-facebook-f elementor-repeater-item-0444518\" href=\"https:\/\/www.facebook.com\/almos.tallos\" target=\"_blank\">\n\t\t\t\t\t\t<span class=\"elementor-screen-only\">Facebook-f<\/span>\n\t\t\t\t\t\t<i aria-hidden=\"true\" class=\"fab fa-facebook-f\"><\/i>\t\t\t\t\t<\/a>\n\t\t\t\t<\/span>\n\t\t\t\t\t<\/div>\n\t\t\t\t\t\t<\/div>\n\t\t\t\t<\/div>\n\t\t\t\t\t<\/div>\n\t\t<\/div>\n\t\t\t\t\t<\/div>\n\t\t<\/section>\n\t\t\t\t<\/div>","protected":false},"excerpt":{"rendered":"<p>\u00dcBER \u00c1LMOS L\u00c1SZL\u00d3 TALL\u00d3S \u00c1lmos L\u00e1szl\u00f3 Tall\u00f3s, geboren 2003, begann im Alter von neun Jahren sein Harfenstudium an einer Musikschule unter der Leitung der Harfenlehrerin M\u00e1rta Szederk\u00e9nyi-Horv\u00e1th. Von 2017 bis 2021 setzte er seine Ausbildung am Szent Istv\u00e1n Musikgymnasium fort, wo Deborah Sipkay seine Harfenlehrerin war. Dort vertiefte er seine Kenntnisse in Musikliteratur, Musiktheorie, Solfeggio [&hellip;]<\/p>\n","protected":false},"author":1,"featured_media":0,"parent":0,"menu_order":0,"comment_status":"closed","ping_status":"closed","template":"","meta":{"_crdt_document":"","ocean_post_layout":"full-screen","ocean_both_sidebars_style":"","ocean_both_sidebars_content_width":0,"ocean_both_sidebars_sidebars_width":0,"ocean_sidebar":"0","ocean_second_sidebar":"0","ocean_disable_margins":"enable","ocean_add_body_class":"","ocean_shortcode_before_top_bar":"","ocean_shortcode_after_top_bar":"","ocean_shortcode_before_header":"","ocean_shortcode_after_header":"","ocean_has_shortcode":"","ocean_shortcode_after_title":"","ocean_shortcode_before_footer_widgets":"","ocean_shortcode_after_footer_widgets":"","ocean_shortcode_before_footer_bottom":"","ocean_shortcode_after_footer_bottom":"","ocean_display_top_bar":"off","ocean_display_header":"default","ocean_header_style":"","ocean_center_header_left_menu":"0","ocean_custom_header_template":"0","ocean_custom_logo":0,"ocean_custom_retina_logo":0,"ocean_custom_logo_max_width":0,"ocean_custom_logo_tablet_max_width":0,"ocean_custom_logo_mobile_max_width":0,"ocean_custom_logo_max_height":0,"ocean_custom_logo_tablet_max_height":0,"ocean_custom_logo_mobile_max_height":0,"ocean_header_custom_menu":"0","ocean_menu_typo_font_family":"0","ocean_menu_typo_font_subset":"","ocean_menu_typo_font_size":0,"ocean_menu_typo_font_size_tablet":0,"ocean_menu_typo_font_size_mobile":0,"ocean_menu_typo_font_size_unit":"px","ocean_menu_typo_font_weight":"","ocean_menu_typo_font_weight_tablet":"","ocean_menu_typo_font_weight_mobile":"","ocean_menu_typo_transform":"","ocean_menu_typo_transform_tablet":"","ocean_menu_typo_transform_mobile":"","ocean_menu_typo_line_height":0,"ocean_menu_typo_line_height_tablet":0,"ocean_menu_typo_line_height_mobile":0,"ocean_menu_typo_line_height_unit":"","ocean_menu_typo_spacing":0,"ocean_menu_typo_spacing_tablet":0,"ocean_menu_typo_spacing_mobile":0,"ocean_menu_typo_spacing_unit":"","ocean_menu_link_color":"","ocean_menu_link_color_hover":"","ocean_menu_link_color_active":"","ocean_menu_link_background":"","ocean_menu_link_hover_background":"","ocean_menu_link_active_background":"","ocean_menu_social_links_bg":"","ocean_menu_social_hover_links_bg":"","ocean_menu_social_links_color":"","ocean_menu_social_hover_links_color":"","ocean_disable_title":"on","ocean_disable_heading":"default","ocean_post_title":"","ocean_post_subheading":"","ocean_post_title_style":"","ocean_post_title_background_color":"","ocean_post_title_background":0,"ocean_post_title_bg_image_position":"","ocean_post_title_bg_image_attachment":"","ocean_post_title_bg_image_repeat":"","ocean_post_title_bg_image_size":"","ocean_post_title_height":0,"ocean_post_title_bg_overlay":0.5,"ocean_post_title_bg_overlay_color":"","ocean_disable_breadcrumbs":"default","ocean_breadcrumbs_color":"","ocean_breadcrumbs_separator_color":"","ocean_breadcrumbs_links_color":"","ocean_breadcrumbs_links_hover_color":"","ocean_display_footer_widgets":"off","ocean_display_footer_bottom":"off","ocean_custom_footer_template":"0","footnotes":""},"class_list":["post-10","page","type-page","status-publish","hentry","entry"],"yoast_head":"<!-- This site is optimized with the Yoast SEO plugin v27.5 - https:\/\/yoast.com\/product\/yoast-seo-wordpress\/ -->\n<title>\u00c1LMOS L\u00c1SZL\u00d3 TALL\u00d3S - Almos Tallos<\/title>\n<meta name=\"robots\" content=\"index, follow, max-snippet:-1, max-image-preview:large, max-video-preview:-1\" \/>\n<link rel=\"canonical\" href=\"http:\/\/almos-tallos.com\/en\/about\/\" \/>\n<meta property=\"og:locale\" content=\"en_GB\" \/>\n<meta property=\"og:type\" content=\"article\" \/>\n<meta property=\"og:title\" content=\"\u00c1LMOS L\u00c1SZL\u00d3 TALL\u00d3S - Almos Tallos\" \/>\n<meta property=\"og:description\" content=\"\u00dcBER \u00c1LMOS L\u00c1SZL\u00d3 TALL\u00d3S \u00c1lmos L\u00e1szl\u00f3 Tall\u00f3s, geboren 2003, begann im Alter von neun Jahren sein Harfenstudium an einer Musikschule unter der Leitung der Harfenlehrerin M\u00e1rta Szederk\u00e9nyi-Horv\u00e1th. Von 2017 bis 2021 setzte er seine Ausbildung am Szent Istv\u00e1n Musikgymnasium fort, wo Deborah Sipkay seine Harfenlehrerin war. Dort vertiefte er seine Kenntnisse in Musikliteratur, Musiktheorie, Solfeggio [&hellip;]\" \/>\n<meta property=\"og:url\" content=\"http:\/\/almos-tallos.com\/en\/about\/\" \/>\n<meta property=\"og:site_name\" content=\"Almos Tallos\" \/>\n<meta property=\"article:modified_time\" content=\"2026-03-14T11:04:37+00:00\" \/>\n<meta property=\"og:image\" content=\"http:\/\/almos-tallos.com\/wp-content\/uploads\/2023\/07\/P1024466.jpg\" \/>\n\t<meta property=\"og:image:width\" content=\"1199\" \/>\n\t<meta property=\"og:image:height\" content=\"1742\" \/>\n\t<meta property=\"og:image:type\" content=\"image\/jpeg\" \/>\n<meta name=\"twitter:card\" content=\"summary_large_image\" \/>\n<meta name=\"twitter:label1\" content=\"Estimated reading time\" \/>\n\t<meta name=\"twitter:data1\" content=\"4 minutes\" \/>\n<script type=\"application\/ld+json\" class=\"yoast-schema-graph\">{\"@context\":\"https:\\\/\\\/schema.org\",\"@graph\":[{\"@type\":\"WebPage\",\"@id\":\"http:\\\/\\\/almos-tallos.com\\\/about\\\/\",\"url\":\"http:\\\/\\\/almos-tallos.com\\\/about\\\/\",\"name\":\"\u00c1LMOS L\u00c1SZL\u00d3 TALL\u00d3S - Almos Tallos\",\"isPartOf\":{\"@id\":\"http:\\\/\\\/almos-tallos.com\\\/#website\"},\"primaryImageOfPage\":{\"@id\":\"http:\\\/\\\/almos-tallos.com\\\/about\\\/#primaryimage\"},\"image\":{\"@id\":\"http:\\\/\\\/almos-tallos.com\\\/about\\\/#primaryimage\"},\"thumbnailUrl\":\"http:\\\/\\\/almos-tallos.com\\\/wp-content\\\/uploads\\\/2023\\\/07\\\/P1024466-705x1024.jpg\",\"datePublished\":\"2023-07-14T12:09:11+00:00\",\"dateModified\":\"2026-03-14T11:04:37+00:00\",\"breadcrumb\":{\"@id\":\"http:\\\/\\\/almos-tallos.com\\\/about\\\/#breadcrumb\"},\"inLanguage\":\"en-GB\",\"potentialAction\":[{\"@type\":\"ReadAction\",\"target\":[\"http:\\\/\\\/almos-tallos.com\\\/about\\\/\"]}]},{\"@type\":\"ImageObject\",\"inLanguage\":\"en-GB\",\"@id\":\"http:\\\/\\\/almos-tallos.com\\\/about\\\/#primaryimage\",\"url\":\"http:\\\/\\\/almos-tallos.com\\\/wp-content\\\/uploads\\\/2023\\\/07\\\/P1024466-705x1024.jpg\",\"contentUrl\":\"http:\\\/\\\/almos-tallos.com\\\/wp-content\\\/uploads\\\/2023\\\/07\\\/P1024466-705x1024.jpg\"},{\"@type\":\"BreadcrumbList\",\"@id\":\"http:\\\/\\\/almos-tallos.com\\\/about\\\/#breadcrumb\",\"itemListElement\":[{\"@type\":\"ListItem\",\"position\":1,\"name\":\"Startseite\",\"item\":\"http:\\\/\\\/almos-tallos.com\\\/\"},{\"@type\":\"ListItem\",\"position\":2,\"name\":\"\u00c1LMOS L\u00c1SZL\u00d3 TALL\u00d3S\"}]},{\"@type\":\"WebSite\",\"@id\":\"http:\\\/\\\/almos-tallos.com\\\/#website\",\"url\":\"http:\\\/\\\/almos-tallos.com\\\/\",\"name\":\"Almos Tallos\",\"description\":\"\",\"publisher\":{\"@id\":\"http:\\\/\\\/almos-tallos.com\\\/#organization\"},\"potentialAction\":[{\"@type\":\"SearchAction\",\"target\":{\"@type\":\"EntryPoint\",\"urlTemplate\":\"http:\\\/\\\/almos-tallos.com\\\/?s={search_term_string}\"},\"query-input\":{\"@type\":\"PropertyValueSpecification\",\"valueRequired\":true,\"valueName\":\"search_term_string\"}}],\"inLanguage\":\"en-GB\"},{\"@type\":\"Organization\",\"@id\":\"http:\\\/\\\/almos-tallos.com\\\/#organization\",\"name\":\"Almos Tallos\",\"url\":\"http:\\\/\\\/almos-tallos.com\\\/\",\"logo\":{\"@type\":\"ImageObject\",\"inLanguage\":\"en-GB\",\"@id\":\"http:\\\/\\\/almos-tallos.com\\\/#\\\/schema\\\/logo\\\/image\\\/\",\"url\":\"http:\\\/\\\/almos-tallos.com\\\/wp-content\\\/uploads\\\/2023\\\/07\\\/cropped-TALLOS_LOGO.png\",\"contentUrl\":\"http:\\\/\\\/almos-tallos.com\\\/wp-content\\\/uploads\\\/2023\\\/07\\\/cropped-TALLOS_LOGO.png\",\"width\":608,\"height\":118,\"caption\":\"Almos Tallos\"},\"image\":{\"@id\":\"http:\\\/\\\/almos-tallos.com\\\/#\\\/schema\\\/logo\\\/image\\\/\"}}]}<\/script>\n<!-- \/ Yoast SEO plugin. -->","yoast_head_json":{"title":"\u00c1LMOS L\u00c1SZL\u00d3 TALL\u00d3S - Almos Tallos","robots":{"index":"index","follow":"follow","max-snippet":"max-snippet:-1","max-image-preview":"max-image-preview:large","max-video-preview":"max-video-preview:-1"},"canonical":"http:\/\/almos-tallos.com\/en\/about\/","og_locale":"en_GB","og_type":"article","og_title":"\u00c1LMOS L\u00c1SZL\u00d3 TALL\u00d3S - Almos Tallos","og_description":"\u00dcBER \u00c1LMOS L\u00c1SZL\u00d3 TALL\u00d3S \u00c1lmos L\u00e1szl\u00f3 Tall\u00f3s, geboren 2003, begann im Alter von neun Jahren sein Harfenstudium an einer Musikschule unter der Leitung der Harfenlehrerin M\u00e1rta Szederk\u00e9nyi-Horv\u00e1th. Von 2017 bis 2021 setzte er seine Ausbildung am Szent Istv\u00e1n Musikgymnasium fort, wo Deborah Sipkay seine Harfenlehrerin war. Dort vertiefte er seine Kenntnisse in Musikliteratur, Musiktheorie, Solfeggio [&hellip;]","og_url":"http:\/\/almos-tallos.com\/en\/about\/","og_site_name":"Almos Tallos","article_modified_time":"2026-03-14T11:04:37+00:00","og_image":[{"width":1199,"height":1742,"url":"http:\/\/almos-tallos.com\/wp-content\/uploads\/2023\/07\/P1024466.jpg","type":"image\/jpeg"}],"twitter_card":"summary_large_image","twitter_misc":{"Estimated reading time":"4 minutes"},"schema":{"@context":"https:\/\/schema.org","@graph":[{"@type":"WebPage","@id":"http:\/\/almos-tallos.com\/about\/","url":"http:\/\/almos-tallos.com\/about\/","name":"\u00c1LMOS L\u00c1SZL\u00d3 TALL\u00d3S - Almos Tallos","isPartOf":{"@id":"http:\/\/almos-tallos.com\/#website"},"primaryImageOfPage":{"@id":"http:\/\/almos-tallos.com\/about\/#primaryimage"},"image":{"@id":"http:\/\/almos-tallos.com\/about\/#primaryimage"},"thumbnailUrl":"http:\/\/almos-tallos.com\/wp-content\/uploads\/2023\/07\/P1024466-705x1024.jpg","datePublished":"2023-07-14T12:09:11+00:00","dateModified":"2026-03-14T11:04:37+00:00","breadcrumb":{"@id":"http:\/\/almos-tallos.com\/about\/#breadcrumb"},"inLanguage":"en-GB","potentialAction":[{"@type":"ReadAction","target":["http:\/\/almos-tallos.com\/about\/"]}]},{"@type":"ImageObject","inLanguage":"en-GB","@id":"http:\/\/almos-tallos.com\/about\/#primaryimage","url":"http:\/\/almos-tallos.com\/wp-content\/uploads\/2023\/07\/P1024466-705x1024.jpg","contentUrl":"http:\/\/almos-tallos.com\/wp-content\/uploads\/2023\/07\/P1024466-705x1024.jpg"},{"@type":"BreadcrumbList","@id":"http:\/\/almos-tallos.com\/about\/#breadcrumb","itemListElement":[{"@type":"ListItem","position":1,"name":"Startseite","item":"http:\/\/almos-tallos.com\/"},{"@type":"ListItem","position":2,"name":"\u00c1LMOS L\u00c1SZL\u00d3 TALL\u00d3S"}]},{"@type":"WebSite","@id":"http:\/\/almos-tallos.com\/#website","url":"http:\/\/almos-tallos.com\/","name":"Almos Tallos","description":"","publisher":{"@id":"http:\/\/almos-tallos.com\/#organization"},"potentialAction":[{"@type":"SearchAction","target":{"@type":"EntryPoint","urlTemplate":"http:\/\/almos-tallos.com\/?s={search_term_string}"},"query-input":{"@type":"PropertyValueSpecification","valueRequired":true,"valueName":"search_term_string"}}],"inLanguage":"en-GB"},{"@type":"Organization","@id":"http:\/\/almos-tallos.com\/#organization","name":"Almos Tallos","url":"http:\/\/almos-tallos.com\/","logo":{"@type":"ImageObject","inLanguage":"en-GB","@id":"http:\/\/almos-tallos.com\/#\/schema\/logo\/image\/","url":"http:\/\/almos-tallos.com\/wp-content\/uploads\/2023\/07\/cropped-TALLOS_LOGO.png","contentUrl":"http:\/\/almos-tallos.com\/wp-content\/uploads\/2023\/07\/cropped-TALLOS_LOGO.png","width":608,"height":118,"caption":"Almos Tallos"},"image":{"@id":"http:\/\/almos-tallos.com\/#\/schema\/logo\/image\/"}}]}},"_links":{"self":[{"href":"http:\/\/almos-tallos.com\/en\/wp-json\/wp\/v2\/pages\/10","targetHints":{"allow":["GET"]}}],"collection":[{"href":"http:\/\/almos-tallos.com\/en\/wp-json\/wp\/v2\/pages"}],"about":[{"href":"http:\/\/almos-tallos.com\/en\/wp-json\/wp\/v2\/types\/page"}],"author":[{"embeddable":true,"href":"http:\/\/almos-tallos.com\/en\/wp-json\/wp\/v2\/users\/1"}],"replies":[{"embeddable":true,"href":"http:\/\/almos-tallos.com\/en\/wp-json\/wp\/v2\/comments?post=10"}],"version-history":[{"count":50,"href":"http:\/\/almos-tallos.com\/en\/wp-json\/wp\/v2\/pages\/10\/revisions"}],"predecessor-version":[{"id":928,"href":"http:\/\/almos-tallos.com\/en\/wp-json\/wp\/v2\/pages\/10\/revisions\/928"}],"wp:attachment":[{"href":"http:\/\/almos-tallos.com\/en\/wp-json\/wp\/v2\/media?parent=10"}],"curies":[{"name":"wp","href":"https:\/\/api.w.org\/{rel}","templated":true}]}}