{"id":18,"date":"2023-07-14T14:13:59","date_gmt":"2023-07-14T12:13:59","guid":{"rendered":"http:\/\/almos-tallos.com\/?page_id=18"},"modified":"2026-03-14T13:05:15","modified_gmt":"2026-03-14T12:05:15","slug":"termine","status":"publish","type":"page","link":"http:\/\/almos-tallos.com\/en\/termine\/","title":{"rendered":"EVENTS"},"content":{"rendered":"<div data-elementor-type=\"wp-page\" data-elementor-id=\"18\" class=\"elementor elementor-18\">\n\t\t\t\t\t\t<section class=\"elementor-section elementor-top-section elementor-element elementor-element-8ab85e7 elementor-section-boxed elementor-section-height-default elementor-section-height-default\" data-id=\"8ab85e7\" data-element_type=\"section\" data-e-type=\"section\">\n\t\t\t\t\t\t<div class=\"elementor-container elementor-column-gap-default\">\n\t\t\t\t\t<div class=\"elementor-column elementor-col-100 elementor-top-column elementor-element elementor-element-801150e\" data-id=\"801150e\" data-element_type=\"column\" data-e-type=\"column\">\n\t\t\t<div class=\"elementor-widget-wrap elementor-element-populated\">\n\t\t\t\t\t\t<div class=\"elementor-element elementor-element-4708b7a elementor-widget elementor-widget-image\" data-id=\"4708b7a\" data-element_type=\"widget\" data-e-type=\"widget\" data-widget_type=\"image.default\">\n\t\t\t\t<div class=\"elementor-widget-container\">\n\t\t\t\t\t\t\t\t\t\t\t\t\t\t\t<img fetchpriority=\"high\" decoding=\"async\" width=\"1536\" height=\"911\" src=\"http:\/\/almos-tallos.com\/wp-content\/uploads\/2025\/04\/P1024491-Kopie-1536x911.jpg\" class=\"attachment-1536x1536 size-1536x1536 wp-image-845\" alt=\"\" srcset=\"http:\/\/almos-tallos.com\/wp-content\/uploads\/2025\/04\/P1024491-Kopie-1536x911.jpg 1536w, http:\/\/almos-tallos.com\/wp-content\/uploads\/2025\/04\/P1024491-Kopie-300x178.jpg 300w, http:\/\/almos-tallos.com\/wp-content\/uploads\/2025\/04\/P1024491-Kopie-1024x607.jpg 1024w, http:\/\/almos-tallos.com\/wp-content\/uploads\/2025\/04\/P1024491-Kopie-768x455.jpg 768w, http:\/\/almos-tallos.com\/wp-content\/uploads\/2025\/04\/P1024491-Kopie-18x12.jpg 18w, http:\/\/almos-tallos.com\/wp-content\/uploads\/2025\/04\/P1024491-Kopie.jpg 1800w\" sizes=\"(max-width: 1536px) 100vw, 1536px\" \/>\t\t\t\t\t\t\t\t\t\t\t\t\t\t\t<\/div>\n\t\t\t\t<\/div>\n\t\t\t\t\t<\/div>\n\t\t<\/div>\n\t\t\t\t\t<\/div>\n\t\t<\/section>\n\t\t\t\t<section class=\"elementor-section elementor-top-section elementor-element elementor-element-a53b53c elementor-section-height-min-height elementor-section-boxed elementor-section-height-default elementor-section-items-middle\" data-id=\"a53b53c\" data-element_type=\"section\" data-e-type=\"section\">\n\t\t\t\t\t\t<div class=\"elementor-container elementor-column-gap-default\">\n\t\t\t\t\t<div class=\"elementor-column elementor-col-100 elementor-top-column elementor-element elementor-element-f2e3cf6\" data-id=\"f2e3cf6\" data-element_type=\"column\" data-e-type=\"column\">\n\t\t\t<div class=\"elementor-widget-wrap elementor-element-populated\">\n\t\t\t\t\t\t<div class=\"elementor-element elementor-element-d8d6c3d elementor-widget elementor-widget-heading\" data-id=\"d8d6c3d\" data-element_type=\"widget\" data-e-type=\"widget\" data-widget_type=\"heading.default\">\n\t\t\t\t<div class=\"elementor-widget-container\">\n\t\t\t\t\t<h2 class=\"elementor-heading-title elementor-size-default\">AKTUELLE KONZERTE &amp;  WETTBEWERBE 2026<\/h2>\t\t\t\t<\/div>\n\t\t\t\t<\/div>\n\t\t\t\t\t<\/div>\n\t\t<\/div>\n\t\t\t\t\t<\/div>\n\t\t<\/section>\n\t\t\t\t<section class=\"elementor-section elementor-top-section elementor-element elementor-element-37accead elementor-section-boxed elementor-section-height-default elementor-section-height-default\" data-id=\"37accead\" data-element_type=\"section\" data-e-type=\"section\">\n\t\t\t\t\t\t<div class=\"elementor-container elementor-column-gap-default\">\n\t\t\t\t\t<div class=\"elementor-column elementor-col-100 elementor-top-column elementor-element elementor-element-27b76ee3\" data-id=\"27b76ee3\" data-element_type=\"column\" data-e-type=\"column\">\n\t\t\t<div class=\"elementor-widget-wrap\">\n\t\t\t\t\t\t\t<\/div>\n\t\t<\/div>\n\t\t\t\t\t<\/div>\n\t\t<\/section>\n\t\t\t\t<section class=\"elementor-section elementor-top-section elementor-element elementor-element-92784d9 elementor-section-boxed elementor-section-height-default elementor-section-height-default\" data-id=\"92784d9\" data-element_type=\"section\" data-e-type=\"section\">\n\t\t\t\t\t\t<div class=\"elementor-container elementor-column-gap-default\">\n\t\t\t\t\t<div class=\"elementor-column elementor-col-50 elementor-top-column elementor-element elementor-element-142d8db9\" data-id=\"142d8db9\" data-element_type=\"column\" data-e-type=\"column\">\n\t\t\t<div class=\"elementor-widget-wrap elementor-element-populated\">\n\t\t\t\t\t\t<div class=\"elementor-element elementor-element-3bf9c037 elementor-widget elementor-widget-image\" data-id=\"3bf9c037\" data-element_type=\"widget\" data-e-type=\"widget\" data-widget_type=\"image.default\">\n\t\t\t\t<div class=\"elementor-widget-container\">\n\t\t\t\t\t\t\t\t\t\t\t\t\t\t\t<img decoding=\"async\" width=\"1024\" height=\"577\" src=\"http:\/\/almos-tallos.com\/wp-content\/uploads\/2025\/10\/TALLOS_KEYVISUAL_HH_STAATSOPER-1024x577.jpg\" class=\"attachment-large size-large wp-image-901\" alt=\"\" srcset=\"http:\/\/almos-tallos.com\/wp-content\/uploads\/2025\/10\/TALLOS_KEYVISUAL_HH_STAATSOPER-1024x577.jpg 1024w, http:\/\/almos-tallos.com\/wp-content\/uploads\/2025\/10\/TALLOS_KEYVISUAL_HH_STAATSOPER-300x169.jpg 300w, http:\/\/almos-tallos.com\/wp-content\/uploads\/2025\/10\/TALLOS_KEYVISUAL_HH_STAATSOPER-768x433.jpg 768w, http:\/\/almos-tallos.com\/wp-content\/uploads\/2025\/10\/TALLOS_KEYVISUAL_HH_STAATSOPER-1536x866.jpg 1536w, http:\/\/almos-tallos.com\/wp-content\/uploads\/2025\/10\/TALLOS_KEYVISUAL_HH_STAATSOPER-2048x1155.jpg 2048w, http:\/\/almos-tallos.com\/wp-content\/uploads\/2025\/10\/TALLOS_KEYVISUAL_HH_STAATSOPER-18x10.jpg 18w, http:\/\/almos-tallos.com\/wp-content\/uploads\/2025\/10\/TALLOS_KEYVISUAL_HH_STAATSOPER-800x450.jpg 800w\" sizes=\"(max-width: 1024px) 100vw, 1024px\" \/>\t\t\t\t\t\t\t\t\t\t\t\t\t\t\t<\/div>\n\t\t\t\t<\/div>\n\t\t\t\t<div class=\"elementor-element elementor-element-4886715 elementor-widget__width-initial elementor-widget elementor-widget-text-editor\" data-id=\"4886715\" data-element_type=\"widget\" data-e-type=\"widget\" data-widget_type=\"text-editor.default\">\n\t\t\t\t<div class=\"elementor-widget-container\">\n\t\t\t\t\t\t\t\t\t<p><strong>22., 28.03.2026 \u00a0I\u00a0 03., 06., 11.04.2026<\/strong><\/p><div><strong>R. Wagner: Lohengrin<\/strong><\/div><div>Staatsoper Hamburg,\u00a0<a tabindex=\"0\" href=\"https:\/\/www.google.com\/maps\/place\/\/data=!4m2!3m1!1s0x47b18f184623f24d:0x553d4cc4c2d1c037?sa=X&amp;ved=1t:8290&amp;ictx=111\">Gro\u00dfe Theaterstra\u00dfe 25, 20354 Hambur<\/a>g<\/div><p>More info and tickets:<\/p>\t\t\t\t\t\t\t\t<\/div>\n\t\t\t\t<\/div>\n\t\t\t\t<div class=\"elementor-element elementor-element-7440004 elementor-align-justify elementor-widget__width-inherit elementor-widget elementor-widget-button\" data-id=\"7440004\" data-element_type=\"widget\" data-e-type=\"widget\" data-widget_type=\"button.default\">\n\t\t\t\t<div class=\"elementor-widget-container\">\n\t\t\t\t\t\t\t\t\t<div class=\"elementor-button-wrapper\">\n\t\t\t\t\t<a class=\"elementor-button elementor-button-link elementor-size-sm elementor-animation-grow\" href=\"https:\/\/www.die-hamburgische-staatsoper.de\/de\/programm\/oper\/177-lohengrin\" target=\"_blank\">\n\t\t\t\t\t\t<span class=\"elementor-button-content-wrapper\">\n\t\t\t\t\t\t<span class=\"elementor-button-icon\">\n\t\t\t\t<i aria-hidden=\"true\" class=\"fas fa-arrow-circle-right\"><\/i>\t\t\t<\/span>\n\t\t\t\t\t\t\t\t\t<span class=\"elementor-button-text\">INFOS<\/span>\n\t\t\t\t\t<\/span>\n\t\t\t\t\t<\/a>\n\t\t\t\t<\/div>\n\t\t\t\t\t\t\t\t<\/div>\n\t\t\t\t<\/div>\n\t\t\t\t<div class=\"elementor-element elementor-element-b68f2fa elementor-widget-divider--view-line elementor-widget elementor-widget-divider\" data-id=\"b68f2fa\" data-element_type=\"widget\" data-e-type=\"widget\" data-widget_type=\"divider.default\">\n\t\t\t\t<div class=\"elementor-widget-container\">\n\t\t\t\t\t\t\t<div class=\"elementor-divider\">\n\t\t\t<span class=\"elementor-divider-separator\">\n\t\t\t\t\t\t<\/span>\n\t\t<\/div>\n\t\t\t\t\t\t<\/div>\n\t\t\t\t<\/div>\n\t\t\t\t<div class=\"elementor-element elementor-element-7d8ef32d elementor-widget__width-initial elementor-widget elementor-widget-text-editor\" data-id=\"7d8ef32d\" data-element_type=\"widget\" data-e-type=\"widget\" data-widget_type=\"text-editor.default\">\n\t\t\t\t<div class=\"elementor-widget-container\">\n\t\t\t\t\t\t\t\t\t<p><strong>12., 15., 17., 25.04.2026\u00a0 \u00a0 I \u00a0 \u00a015., 20., 22.05.2026<\/strong><\/p><div><strong>Frauenliebe- und Sterben<\/strong><br \/>Schumann\/Bart\u00f3k\/Zemlinsky<br \/>Staatsoper Hamburg,\u00a0<a tabindex=\"0\" href=\"https:\/\/www.google.com\/maps\/place\/\/data=!4m2!3m1!1s0x47b18f184623f24d:0x553d4cc4c2d1c037?sa=X&amp;ved=1t:8290&amp;ictx=111\">Gro\u00dfe Theaterstra\u00dfe 25, 20354 Hambur<\/a>g<\/div><p>More info and tickets:<\/p>\t\t\t\t\t\t\t\t<\/div>\n\t\t\t\t<\/div>\n\t\t\t\t<div class=\"elementor-element elementor-element-c968c44 elementor-align-justify elementor-widget__width-inherit elementor-widget elementor-widget-button\" data-id=\"c968c44\" data-element_type=\"widget\" data-e-type=\"widget\" data-widget_type=\"button.default\">\n\t\t\t\t<div class=\"elementor-widget-container\">\n\t\t\t\t\t\t\t\t\t<div class=\"elementor-button-wrapper\">\n\t\t\t\t\t<a class=\"elementor-button elementor-button-link elementor-size-sm elementor-animation-grow\" href=\"https:\/\/www.die-hamburgische-staatsoper.de\/de\/programm\/oper\/1908-frauenliebe-und-sterben\" target=\"_blank\">\n\t\t\t\t\t\t<span class=\"elementor-button-content-wrapper\">\n\t\t\t\t\t\t<span class=\"elementor-button-icon\">\n\t\t\t\t<i aria-hidden=\"true\" class=\"fas fa-arrow-circle-right\"><\/i>\t\t\t<\/span>\n\t\t\t\t\t\t\t\t\t<span class=\"elementor-button-text\">INFOS<\/span>\n\t\t\t\t\t<\/span>\n\t\t\t\t\t<\/a>\n\t\t\t\t<\/div>\n\t\t\t\t\t\t\t\t<\/div>\n\t\t\t\t<\/div>\n\t\t\t\t<div class=\"elementor-element elementor-element-3ab48f53 elementor-widget-divider--view-line elementor-widget elementor-widget-divider\" data-id=\"3ab48f53\" data-element_type=\"widget\" data-e-type=\"widget\" data-widget_type=\"divider.default\">\n\t\t\t\t<div class=\"elementor-widget-container\">\n\t\t\t\t\t\t\t<div class=\"elementor-divider\">\n\t\t\t<span class=\"elementor-divider-separator\">\n\t\t\t\t\t\t<\/span>\n\t\t<\/div>\n\t\t\t\t\t\t<\/div>\n\t\t\t\t<\/div>\n\t\t\t\t<div class=\"elementor-element elementor-element-4f5cf5d9 elementor-widget elementor-widget-text-editor\" data-id=\"4f5cf5d9\" data-element_type=\"widget\" data-e-type=\"widget\" data-widget_type=\"text-editor.default\">\n\t\t\t\t<div class=\"elementor-widget-container\">\n\t\t\t\t\t\t\t\t\t<p><strong>20., 25.03.2026<\/strong><\/p><div><strong>G. Verdi: Il Trovatore<br \/><\/strong>Staatsoper Hamburg,\u00a0<a tabindex=\"0\" href=\"https:\/\/www.google.com\/maps\/place\/\/data=!4m2!3m1!1s0x47b18f184623f24d:0x553d4cc4c2d1c037?sa=X&amp;ved=1t:8290&amp;ictx=111\">Gro\u00dfe Theaterstra\u00dfe 25, 20354 Hambur<\/a>g<\/div><div>More info and tickets:<\/div>\t\t\t\t\t\t\t\t<\/div>\n\t\t\t\t<\/div>\n\t\t\t\t<div class=\"elementor-element elementor-element-61b37984 elementor-align-justify elementor-widget__width-inherit elementor-widget elementor-widget-button\" data-id=\"61b37984\" data-element_type=\"widget\" data-e-type=\"widget\" data-widget_type=\"button.default\">\n\t\t\t\t<div class=\"elementor-widget-container\">\n\t\t\t\t\t\t\t\t\t<div class=\"elementor-button-wrapper\">\n\t\t\t\t\t<a class=\"elementor-button elementor-button-link elementor-size-sm elementor-animation-grow\" href=\"https:\/\/www.die-hamburgische-staatsoper.de\/de\/programm\/oper\/816-il-trovatore\" target=\"_blank\">\n\t\t\t\t\t\t<span class=\"elementor-button-content-wrapper\">\n\t\t\t\t\t\t<span class=\"elementor-button-icon\">\n\t\t\t\t<i aria-hidden=\"true\" class=\"fas fa-arrow-circle-right\"><\/i>\t\t\t<\/span>\n\t\t\t\t\t\t\t\t\t<span class=\"elementor-button-text\">INFOS<\/span>\n\t\t\t\t\t<\/span>\n\t\t\t\t\t<\/a>\n\t\t\t\t<\/div>\n\t\t\t\t\t\t\t\t<\/div>\n\t\t\t\t<\/div>\n\t\t\t\t<div class=\"elementor-element elementor-element-43f65b2 elementor-widget-divider--view-line elementor-widget elementor-widget-divider\" data-id=\"43f65b2\" data-element_type=\"widget\" data-e-type=\"widget\" data-widget_type=\"divider.default\">\n\t\t\t\t<div class=\"elementor-widget-container\">\n\t\t\t\t\t\t\t<div class=\"elementor-divider\">\n\t\t\t<span class=\"elementor-divider-separator\">\n\t\t\t\t\t\t<\/span>\n\t\t<\/div>\n\t\t\t\t\t\t<\/div>\n\t\t\t\t<\/div>\n\t\t\t\t<div class=\"elementor-element elementor-element-336cf9b elementor-widget elementor-widget-text-editor\" data-id=\"336cf9b\" data-element_type=\"widget\" data-e-type=\"widget\" data-widget_type=\"text-editor.default\">\n\t\t\t\t<div class=\"elementor-widget-container\">\n\t\t\t\t\t\t\t\t\t<p><strong>14.04.2026 \u00a0I\u00a0 01., 08.05.2026<\/strong><\/p><div><strong>R. Strauss: Elektra<\/strong><\/div><div>Staatsoper Hamburg,\u00a0<a tabindex=\"0\" href=\"https:\/\/www.google.com\/maps\/place\/\/data=!4m2!3m1!1s0x47b18f184623f24d:0x553d4cc4c2d1c037?sa=X&amp;ved=1t:8290&amp;ictx=111\">Gro\u00dfe Theaterstra\u00dfe 25, 20354 Hambur<\/a>g<\/div><div>More info and tickets:<\/div>\t\t\t\t\t\t\t\t<\/div>\n\t\t\t\t<\/div>\n\t\t\t\t<div class=\"elementor-element elementor-element-16f7e566 elementor-align-justify elementor-widget__width-inherit elementor-widget elementor-widget-button\" data-id=\"16f7e566\" data-element_type=\"widget\" data-e-type=\"widget\" data-widget_type=\"button.default\">\n\t\t\t\t<div class=\"elementor-widget-container\">\n\t\t\t\t\t\t\t\t\t<div class=\"elementor-button-wrapper\">\n\t\t\t\t\t<a class=\"elementor-button elementor-button-link elementor-size-sm elementor-animation-grow\" href=\"https:\/\/www.die-hamburgische-staatsoper.de\/de\/programm\/oper\/755-elektra\" target=\"_blank\">\n\t\t\t\t\t\t<span class=\"elementor-button-content-wrapper\">\n\t\t\t\t\t\t<span class=\"elementor-button-icon\">\n\t\t\t\t<i aria-hidden=\"true\" class=\"fas fa-arrow-circle-right\"><\/i>\t\t\t<\/span>\n\t\t\t\t\t\t\t\t\t<span class=\"elementor-button-text\">INFOS<\/span>\n\t\t\t\t\t<\/span>\n\t\t\t\t\t<\/a>\n\t\t\t\t<\/div>\n\t\t\t\t\t\t\t\t<\/div>\n\t\t\t\t<\/div>\n\t\t\t\t<div class=\"elementor-element elementor-element-7c3c0cc8 elementor-widget-divider--view-line elementor-widget elementor-widget-divider\" data-id=\"7c3c0cc8\" data-element_type=\"widget\" data-e-type=\"widget\" data-widget_type=\"divider.default\">\n\t\t\t\t<div class=\"elementor-widget-container\">\n\t\t\t\t\t\t\t<div class=\"elementor-divider\">\n\t\t\t<span class=\"elementor-divider-separator\">\n\t\t\t\t\t\t<\/span>\n\t\t<\/div>\n\t\t\t\t\t\t<\/div>\n\t\t\t\t<\/div>\n\t\t\t\t\t<\/div>\n\t\t<\/div>\n\t\t\t\t<div class=\"elementor-column elementor-col-50 elementor-top-column elementor-element elementor-element-7b75c85e\" data-id=\"7b75c85e\" data-element_type=\"column\" data-e-type=\"column\">\n\t\t\t<div class=\"elementor-widget-wrap\">\n\t\t\t\t\t\t\t<\/div>\n\t\t<\/div>\n\t\t\t\t\t<\/div>\n\t\t<\/section>\n\t\t\t\t<section class=\"elementor-section elementor-top-section elementor-element elementor-element-8121bc9 elementor-section-boxed elementor-section-height-default elementor-section-height-default\" data-id=\"8121bc9\" data-element_type=\"section\" data-e-type=\"section\">\n\t\t\t\t\t\t<div class=\"elementor-container elementor-column-gap-default\">\n\t\t\t\t\t<div class=\"elementor-column elementor-col-100 elementor-top-column elementor-element elementor-element-d621f64\" data-id=\"d621f64\" data-element_type=\"column\" data-e-type=\"column\">\n\t\t\t<div class=\"elementor-widget-wrap\">\n\t\t\t\t\t\t\t<\/div>\n\t\t<\/div>\n\t\t\t\t\t<\/div>\n\t\t<\/section>\n\t\t\t\t<section class=\"elementor-section elementor-top-section elementor-element elementor-element-6b407e9f elementor-section-boxed elementor-section-height-default elementor-section-height-default\" data-id=\"6b407e9f\" data-element_type=\"section\" data-e-type=\"section\">\n\t\t\t\t\t\t<div class=\"elementor-container elementor-column-gap-default\">\n\t\t\t\t\t<div class=\"elementor-column elementor-col-50 elementor-top-column elementor-element elementor-element-679e5b79\" data-id=\"679e5b79\" data-element_type=\"column\" data-e-type=\"column\">\n\t\t\t<div class=\"elementor-widget-wrap\">\n\t\t\t\t\t\t\t<\/div>\n\t\t<\/div>\n\t\t\t\t<div class=\"elementor-column elementor-col-50 elementor-top-column elementor-element elementor-element-12e9059d\" data-id=\"12e9059d\" data-element_type=\"column\" data-e-type=\"column\">\n\t\t\t<div class=\"elementor-widget-wrap elementor-element-populated\">\n\t\t\t\t\t\t<div class=\"elementor-element elementor-element-4eaf1576 elementor-widget__width-initial elementor-widget elementor-widget-image\" data-id=\"4eaf1576\" data-element_type=\"widget\" data-e-type=\"widget\" data-widget_type=\"image.default\">\n\t\t\t\t<div class=\"elementor-widget-container\">\n\t\t\t\t\t\t\t\t\t\t\t\t\t\t\t<img decoding=\"async\" width=\"1024\" height=\"577\" src=\"http:\/\/almos-tallos.com\/wp-content\/uploads\/2025\/10\/TALLOS_KEYVISUAL_HH_ELBPHILHARMONIE-1024x577.jpg\" class=\"attachment-large size-large wp-image-900\" alt=\"\" srcset=\"http:\/\/almos-tallos.com\/wp-content\/uploads\/2025\/10\/TALLOS_KEYVISUAL_HH_ELBPHILHARMONIE-1024x577.jpg 1024w, http:\/\/almos-tallos.com\/wp-content\/uploads\/2025\/10\/TALLOS_KEYVISUAL_HH_ELBPHILHARMONIE-300x169.jpg 300w, http:\/\/almos-tallos.com\/wp-content\/uploads\/2025\/10\/TALLOS_KEYVISUAL_HH_ELBPHILHARMONIE-768x433.jpg 768w, http:\/\/almos-tallos.com\/wp-content\/uploads\/2025\/10\/TALLOS_KEYVISUAL_HH_ELBPHILHARMONIE-1536x866.jpg 1536w, http:\/\/almos-tallos.com\/wp-content\/uploads\/2025\/10\/TALLOS_KEYVISUAL_HH_ELBPHILHARMONIE-2048x1155.jpg 2048w, http:\/\/almos-tallos.com\/wp-content\/uploads\/2025\/10\/TALLOS_KEYVISUAL_HH_ELBPHILHARMONIE-18x10.jpg 18w, http:\/\/almos-tallos.com\/wp-content\/uploads\/2025\/10\/TALLOS_KEYVISUAL_HH_ELBPHILHARMONIE-800x450.jpg 800w\" sizes=\"(max-width: 1024px) 100vw, 1024px\" \/>\t\t\t\t\t\t\t\t\t\t\t\t\t\t\t<\/div>\n\t\t\t\t<\/div>\n\t\t\t\t<div class=\"elementor-element elementor-element-63bc00a3 elementor-widget elementor-widget-text-editor\" data-id=\"63bc00a3\" data-element_type=\"widget\" data-e-type=\"widget\" data-widget_type=\"text-editor.default\">\n\t\t\t\t<div class=\"elementor-widget-container\">\n\t\t\t\t\t\t\t\t\t<p>\u00a0<\/p><p><strong>29.03.2026\u00a0 I\u00a0 11:00 Uhr <\/strong><\/p><p><strong>7. Philharmonisches Konzert<\/strong> Hector Berlioz: Symphonie Fantastique<br \/>Philharmonisches Staatsorchester Hamburg, Gro\u00dfer Saal der Elbphilharmonie.\u00a0<\/p>\t\t\t\t\t\t\t\t<\/div>\n\t\t\t\t<\/div>\n\t\t\t\t<div class=\"elementor-element elementor-element-4af0961 elementor-align-justify elementor-widget__width-inherit elementor-widget elementor-widget-button\" data-id=\"4af0961\" data-element_type=\"widget\" data-e-type=\"widget\" data-widget_type=\"button.default\">\n\t\t\t\t<div class=\"elementor-widget-container\">\n\t\t\t\t\t\t\t\t\t<div class=\"elementor-button-wrapper\">\n\t\t\t\t\t<a class=\"elementor-button elementor-button-link elementor-size-sm elementor-animation-grow\" href=\"https:\/\/www.die-hamburgische-staatsoper.de\/de\/kalender\/konzert\" target=\"_blank\">\n\t\t\t\t\t\t<span class=\"elementor-button-content-wrapper\">\n\t\t\t\t\t\t<span class=\"elementor-button-icon\">\n\t\t\t\t<i aria-hidden=\"true\" class=\"fas fa-arrow-circle-right\"><\/i>\t\t\t<\/span>\n\t\t\t\t\t\t\t\t\t<span class=\"elementor-button-text\">RESTKARTEN INFOS<\/span>\n\t\t\t\t\t<\/span>\n\t\t\t\t\t<\/a>\n\t\t\t\t<\/div>\n\t\t\t\t\t\t\t\t<\/div>\n\t\t\t\t<\/div>\n\t\t\t\t<div class=\"elementor-element elementor-element-6752350 elementor-widget-divider--view-line elementor-widget elementor-widget-divider\" data-id=\"6752350\" data-element_type=\"widget\" data-e-type=\"widget\" data-widget_type=\"divider.default\">\n\t\t\t\t<div class=\"elementor-widget-container\">\n\t\t\t\t\t\t\t<div class=\"elementor-divider\">\n\t\t\t<span class=\"elementor-divider-separator\">\n\t\t\t\t\t\t<\/span>\n\t\t<\/div>\n\t\t\t\t\t\t<\/div>\n\t\t\t\t<\/div>\n\t\t\t\t<div class=\"elementor-element elementor-element-1dbb58f4 elementor-widget elementor-widget-text-editor\" data-id=\"1dbb58f4\" data-element_type=\"widget\" data-e-type=\"widget\" data-widget_type=\"text-editor.default\">\n\t\t\t\t<div class=\"elementor-widget-container\">\n\t\t\t\t\t\t\t\t\t<p>\u00a0<\/p><p><strong>30.03.2026\u00a0 I\u00a0 20:00 Uhr<\/strong><\/p><div><strong>7. Philharmonisches Konzert<\/strong> Hector Berlioz: Symphonie Fantastique<br \/>Philharmonisches Staatsorchester Hamburg, Gro\u00dfer Saal der Elbphilharmonie.\u00a0<\/div>\t\t\t\t\t\t\t\t<\/div>\n\t\t\t\t<\/div>\n\t\t\t\t<div class=\"elementor-element elementor-element-856000d elementor-align-justify elementor-widget__width-inherit elementor-widget elementor-widget-button\" data-id=\"856000d\" data-element_type=\"widget\" data-e-type=\"widget\" data-widget_type=\"button.default\">\n\t\t\t\t<div class=\"elementor-widget-container\">\n\t\t\t\t\t\t\t\t\t<div class=\"elementor-button-wrapper\">\n\t\t\t\t\t<a class=\"elementor-button elementor-button-link elementor-size-sm elementor-animation-grow\" href=\"https:\/\/www.die-hamburgische-staatsoper.de\/de\/kalender\/konzert\" target=\"_blank\">\n\t\t\t\t\t\t<span class=\"elementor-button-content-wrapper\">\n\t\t\t\t\t\t<span class=\"elementor-button-icon\">\n\t\t\t\t<i aria-hidden=\"true\" class=\"fas fa-arrow-circle-right\"><\/i>\t\t\t<\/span>\n\t\t\t\t\t\t\t\t\t<span class=\"elementor-button-text\">RESTKARTEN INFOS<\/span>\n\t\t\t\t\t<\/span>\n\t\t\t\t\t<\/a>\n\t\t\t\t<\/div>\n\t\t\t\t\t\t\t\t<\/div>\n\t\t\t\t<\/div>\n\t\t\t\t\t<\/div>\n\t\t<\/div>\n\t\t\t\t\t<\/div>\n\t\t<\/section>\n\t\t\t\t<section class=\"elementor-section elementor-top-section elementor-element elementor-element-ea412d9 elementor-section-boxed elementor-section-height-default elementor-section-height-default\" data-id=\"ea412d9\" data-element_type=\"section\" data-e-type=\"section\">\n\t\t\t\t\t\t<div class=\"elementor-container elementor-column-gap-default\">\n\t\t\t\t\t<div class=\"elementor-column elementor-col-100 elementor-top-column elementor-element elementor-element-55abef5\" data-id=\"55abef5\" data-element_type=\"column\" data-e-type=\"column\">\n\t\t\t<div class=\"elementor-widget-wrap elementor-element-populated\">\n\t\t\t\t\t\t<div class=\"elementor-element elementor-element-07aa99a elementor-widget elementor-widget-spacer\" data-id=\"07aa99a\" data-element_type=\"widget\" data-e-type=\"widget\" data-widget_type=\"spacer.default\">\n\t\t\t\t<div class=\"elementor-widget-container\">\n\t\t\t\t\t\t\t<div class=\"elementor-spacer\">\n\t\t\t<div class=\"elementor-spacer-inner\"><\/div>\n\t\t<\/div>\n\t\t\t\t\t\t<\/div>\n\t\t\t\t<\/div>\n\t\t\t\t<div class=\"elementor-element elementor-element-6046ed1 elementor-widget elementor-widget-heading\" data-id=\"6046ed1\" data-element_type=\"widget\" data-e-type=\"widget\" data-widget_type=\"heading.default\">\n\t\t\t\t<div class=\"elementor-widget-container\">\n\t\t\t\t\t<h2 class=\"elementor-heading-title elementor-size-default\">KONZERTE &amp;  WETTBEWERBE 2025<\/h2>\t\t\t\t<\/div>\n\t\t\t\t<\/div>\n\t\t\t\t<div class=\"elementor-element elementor-element-f25d0ec elementor-widget elementor-widget-spacer\" data-id=\"f25d0ec\" data-element_type=\"widget\" data-e-type=\"widget\" data-widget_type=\"spacer.default\">\n\t\t\t\t<div class=\"elementor-widget-container\">\n\t\t\t\t\t\t\t<div class=\"elementor-spacer\">\n\t\t\t<div class=\"elementor-spacer-inner\"><\/div>\n\t\t<\/div>\n\t\t\t\t\t\t<\/div>\n\t\t\t\t<\/div>\n\t\t\t\t\t<\/div>\n\t\t<\/div>\n\t\t\t\t\t<\/div>\n\t\t<\/section>\n\t\t\t\t<section class=\"elementor-section elementor-top-section elementor-element elementor-element-e96fd96 elementor-section-boxed elementor-section-height-default elementor-section-height-default\" data-id=\"e96fd96\" data-element_type=\"section\" data-e-type=\"section\">\n\t\t\t\t\t\t<div class=\"elementor-container elementor-column-gap-default\">\n\t\t\t\t\t<div class=\"elementor-column elementor-col-50 elementor-top-column elementor-element elementor-element-724b7bcb\" data-id=\"724b7bcb\" data-element_type=\"column\" data-e-type=\"column\">\n\t\t\t<div class=\"elementor-widget-wrap elementor-element-populated\">\n\t\t\t\t\t\t<div class=\"elementor-element elementor-element-f4b6cc9 elementor-widget elementor-widget-image\" data-id=\"f4b6cc9\" data-element_type=\"widget\" data-e-type=\"widget\" data-widget_type=\"image.default\">\n\t\t\t\t<div class=\"elementor-widget-container\">\n\t\t\t\t\t\t\t\t\t\t\t\t\t\t\t<img loading=\"lazy\" decoding=\"async\" width=\"648\" height=\"364\" src=\"http:\/\/almos-tallos.com\/wp-content\/uploads\/2025\/04\/KONZERT_2025.jpg\" class=\"attachment-large size-large wp-image-828\" alt=\"\" srcset=\"http:\/\/almos-tallos.com\/wp-content\/uploads\/2025\/04\/KONZERT_2025.jpg 648w, http:\/\/almos-tallos.com\/wp-content\/uploads\/2025\/04\/KONZERT_2025-300x169.jpg 300w, http:\/\/almos-tallos.com\/wp-content\/uploads\/2025\/04\/KONZERT_2025-18x10.jpg 18w\" sizes=\"(max-width: 648px) 100vw, 648px\" \/>\t\t\t\t\t\t\t\t\t\t\t\t\t\t\t<\/div>\n\t\t\t\t<\/div>\n\t\t\t\t<div class=\"elementor-element elementor-element-771082fb elementor-widget elementor-widget-text-editor\" data-id=\"771082fb\" data-element_type=\"widget\" data-e-type=\"widget\" data-widget_type=\"text-editor.default\">\n\t\t\t\t<div class=\"elementor-widget-container\">\n\t\t\t\t\t\t\t\t\t<p><strong>Stars of Tomorrow Concert Series at the Stellae Matutinae Europian Harp Symposium<\/strong><\/p><p><strong>16.04.2025\u00a0 I\u00a0 11:00<\/strong> <br \/>Reichenfeldgasse 9 <br \/>6800 Feldkirch<\/p><p>More info and tickets:<\/p>\t\t\t\t\t\t\t\t<\/div>\n\t\t\t\t<\/div>\n\t\t\t\t<div class=\"elementor-element elementor-element-e276aff elementor-align-justify elementor-widget__width-inherit elementor-widget elementor-widget-button\" data-id=\"e276aff\" data-element_type=\"widget\" data-e-type=\"widget\" data-widget_type=\"button.default\">\n\t\t\t\t<div class=\"elementor-widget-container\">\n\t\t\t\t\t\t\t\t\t<div class=\"elementor-button-wrapper\">\n\t\t\t\t\t<a class=\"elementor-button elementor-button-link elementor-size-sm elementor-animation-grow\" href=\"https:\/\/stellaematutinae.org\/stars-of-tomorrow-iv\/%20\" target=\"_blank\">\n\t\t\t\t\t\t<span class=\"elementor-button-content-wrapper\">\n\t\t\t\t\t\t<span class=\"elementor-button-icon\">\n\t\t\t\t<i aria-hidden=\"true\" class=\"fas fa-arrow-circle-right\"><\/i>\t\t\t<\/span>\n\t\t\t\t\t\t\t\t\t<span class=\"elementor-button-text\">INFOS<\/span>\n\t\t\t\t\t<\/span>\n\t\t\t\t\t<\/a>\n\t\t\t\t<\/div>\n\t\t\t\t\t\t\t\t<\/div>\n\t\t\t\t<\/div>\n\t\t\t\t<div class=\"elementor-element elementor-element-6689688 elementor-widget-divider--view-line elementor-widget elementor-widget-divider\" data-id=\"6689688\" data-element_type=\"widget\" data-e-type=\"widget\" data-widget_type=\"divider.default\">\n\t\t\t\t<div class=\"elementor-widget-container\">\n\t\t\t\t\t\t\t<div class=\"elementor-divider\">\n\t\t\t<span class=\"elementor-divider-separator\">\n\t\t\t\t\t\t<\/span>\n\t\t<\/div>\n\t\t\t\t\t\t<\/div>\n\t\t\t\t<\/div>\n\t\t\t\t<div class=\"elementor-element elementor-element-290ec0d elementor-widget elementor-widget-text-editor\" data-id=\"290ec0d\" data-element_type=\"widget\" data-e-type=\"widget\" data-widget_type=\"text-editor.default\">\n\t\t\t\t<div class=\"elementor-widget-container\">\n\t\t\t\t\t\t\t\t\t<p><strong>Chamber Music Concert<br \/>World premiere of Leon Gurvitch: Duel<\/strong><\/p><p><strong>22.04.2025<\/strong> <br \/>Lichtwark Hall, <br \/>Neanderstra\u00dfe 22<br \/>20459 Hamburg<\/p>\t\t\t\t\t\t\t\t<\/div>\n\t\t\t\t<\/div>\n\t\t\t\t<div class=\"elementor-element elementor-element-e2ea6b0 elementor-widget-divider--view-line elementor-widget elementor-widget-divider\" data-id=\"e2ea6b0\" data-element_type=\"widget\" data-e-type=\"widget\" data-widget_type=\"divider.default\">\n\t\t\t\t<div class=\"elementor-widget-container\">\n\t\t\t\t\t\t\t<div class=\"elementor-divider\">\n\t\t\t<span class=\"elementor-divider-separator\">\n\t\t\t\t\t\t<\/span>\n\t\t<\/div>\n\t\t\t\t\t\t<\/div>\n\t\t\t\t<\/div>\n\t\t\t\t<div class=\"elementor-element elementor-element-60c7095 elementor-widget elementor-widget-text-editor\" data-id=\"60c7095\" data-element_type=\"widget\" data-e-type=\"widget\" data-widget_type=\"text-editor.default\">\n\t\t\t\t<div class=\"elementor-widget-container\">\n\t\t\t\t\t\t\t\t\t<p><strong>Feminale<br \/>Female Voices \u2013 Ensemble-Edition<br \/><\/strong>Rosy Wertheim: Trois chansons<\/p><p><strong>25.04.2025\u00a0 I\u00a0 15:00<\/strong> <br \/>Fanny Hensel Hall of the HfMT Hamburg<br \/>Harvestehuder Weg 12 <br \/>20148 Hamburg<\/p><p>More information and registration:<\/p>\t\t\t\t\t\t\t\t<\/div>\n\t\t\t\t<\/div>\n\t\t\t\t<div class=\"elementor-element elementor-element-ac40738 elementor-align-justify elementor-widget__width-inherit elementor-widget elementor-widget-button\" data-id=\"ac40738\" data-element_type=\"widget\" data-e-type=\"widget\" data-widget_type=\"button.default\">\n\t\t\t\t<div class=\"elementor-widget-container\">\n\t\t\t\t\t\t\t\t\t<div class=\"elementor-button-wrapper\">\n\t\t\t\t\t<a class=\"elementor-button elementor-button-link elementor-size-sm elementor-animation-grow\" href=\"https:\/\/www.hfmt-hamburg.de\/hochschule\/aktuelles\/veranstaltungen\/12093-2025-04-25-feminale\" target=\"_blank\">\n\t\t\t\t\t\t<span class=\"elementor-button-content-wrapper\">\n\t\t\t\t\t\t<span class=\"elementor-button-icon\">\n\t\t\t\t<i aria-hidden=\"true\" class=\"fas fa-arrow-circle-right\"><\/i>\t\t\t<\/span>\n\t\t\t\t\t\t\t\t\t<span class=\"elementor-button-text\">INFOS<\/span>\n\t\t\t\t\t<\/span>\n\t\t\t\t\t<\/a>\n\t\t\t\t<\/div>\n\t\t\t\t\t\t\t\t<\/div>\n\t\t\t\t<\/div>\n\t\t\t\t<div class=\"elementor-element elementor-element-a4a529a elementor-widget-divider--view-line elementor-widget elementor-widget-divider\" data-id=\"a4a529a\" data-element_type=\"widget\" data-e-type=\"widget\" data-widget_type=\"divider.default\">\n\t\t\t\t<div class=\"elementor-widget-container\">\n\t\t\t\t\t\t\t<div class=\"elementor-divider\">\n\t\t\t<span class=\"elementor-divider-separator\">\n\t\t\t\t\t\t<\/span>\n\t\t<\/div>\n\t\t\t\t\t\t<\/div>\n\t\t\t\t<\/div>\n\t\t\t\t<div class=\"elementor-element elementor-element-1b9eedc elementor-widget elementor-widget-text-editor\" data-id=\"1b9eedc\" data-element_type=\"widget\" data-e-type=\"widget\" data-widget_type=\"text-editor.default\">\n\t\t\t\t<div class=\"elementor-widget-container\">\n\t\t\t\t\t\t\t\t\t<p><strong>Benefit concert for Live Music Now Hamburg<\/strong><\/p><p><strong>27.04.2025\u00a0\u00a0I\u00a0\u00a018:00<\/strong><\/p><p class=\"translation-block\">Forum of the Hamburg Academy of Music and Theatre\nHarvestehuder Weg 12.<\/p><p>20148 Hamburg<\/p><p>With Oda Lou Johansen, soprano<\/p><p>More info and tickets:<\/p>\t\t\t\t\t\t\t\t<\/div>\n\t\t\t\t<\/div>\n\t\t\t\t<div class=\"elementor-element elementor-element-37d6f82 elementor-align-justify elementor-widget__width-inherit elementor-widget elementor-widget-button\" data-id=\"37d6f82\" data-element_type=\"widget\" data-e-type=\"widget\" data-widget_type=\"button.default\">\n\t\t\t\t<div class=\"elementor-widget-container\">\n\t\t\t\t\t\t\t\t\t<div class=\"elementor-button-wrapper\">\n\t\t\t\t\t<a class=\"elementor-button elementor-button-link elementor-size-sm elementor-animation-grow\" href=\"https:\/\/www.livemusicnow-hamburg.de\/benefizkonzert\/\" target=\"_blank\">\n\t\t\t\t\t\t<span class=\"elementor-button-content-wrapper\">\n\t\t\t\t\t\t<span class=\"elementor-button-icon\">\n\t\t\t\t<i aria-hidden=\"true\" class=\"fas fa-arrow-circle-right\"><\/i>\t\t\t<\/span>\n\t\t\t\t\t\t\t\t\t<span class=\"elementor-button-text\">INFOS<\/span>\n\t\t\t\t\t<\/span>\n\t\t\t\t\t<\/a>\n\t\t\t\t<\/div>\n\t\t\t\t\t\t\t\t<\/div>\n\t\t\t\t<\/div>\n\t\t\t\t<div class=\"elementor-element elementor-element-29cab34 elementor-widget-divider--view-line elementor-widget elementor-widget-divider\" data-id=\"29cab34\" data-element_type=\"widget\" data-e-type=\"widget\" data-widget_type=\"divider.default\">\n\t\t\t\t<div class=\"elementor-widget-container\">\n\t\t\t\t\t\t\t<div class=\"elementor-divider\">\n\t\t\t<span class=\"elementor-divider-separator\">\n\t\t\t\t\t\t<\/span>\n\t\t<\/div>\n\t\t\t\t\t\t<\/div>\n\t\t\t\t<\/div>\n\t\t\t\t<div class=\"elementor-element elementor-element-8edfd80 elementor-widget elementor-widget-text-editor\" data-id=\"8edfd80\" data-element_type=\"widget\" data-e-type=\"widget\" data-widget_type=\"text-editor.default\">\n\t\t\t\t<div class=\"elementor-widget-container\">\n\t\t\t\t\t\t\t\t\t<p><strong>Stars of Tomorrow <br \/>Concert with the harp class of Prof. Xavier de Maistre<\/strong><\/p><p><strong>21.05.2025<\/strong><br \/>Great Hall, Harburg Town Hall<br \/>Harburger Rathausplatz 1<br \/>21073 Hamburg<\/p><p>More info and tickets:<\/p><p><strong>\u00a0<\/strong><\/p>\t\t\t\t\t\t\t\t<\/div>\n\t\t\t\t<\/div>\n\t\t\t\t<div class=\"elementor-element elementor-element-a909a86 elementor-align-justify elementor-widget__width-inherit elementor-widget elementor-widget-button\" data-id=\"a909a86\" data-element_type=\"widget\" data-e-type=\"widget\" data-widget_type=\"button.default\">\n\t\t\t\t<div class=\"elementor-widget-container\">\n\t\t\t\t\t\t\t\t\t<div class=\"elementor-button-wrapper\">\n\t\t\t\t\t<a class=\"elementor-button elementor-button-link elementor-size-sm elementor-animation-grow\" href=\"https:\/\/www.hamburg.de\/politik-und-verwaltung\/bezirke\/harburg\/themen\/freizeit-kultur\/kultur\/rathauskonzerte-64292%20\" target=\"_blank\">\n\t\t\t\t\t\t<span class=\"elementor-button-content-wrapper\">\n\t\t\t\t\t\t<span class=\"elementor-button-icon\">\n\t\t\t\t<i aria-hidden=\"true\" class=\"fas fa-arrow-circle-right\"><\/i>\t\t\t<\/span>\n\t\t\t\t\t\t\t\t\t<span class=\"elementor-button-text\">INFOS<\/span>\n\t\t\t\t\t<\/span>\n\t\t\t\t\t<\/a>\n\t\t\t\t<\/div>\n\t\t\t\t\t\t\t\t<\/div>\n\t\t\t\t<\/div>\n\t\t\t\t<div class=\"elementor-element elementor-element-0be18da elementor-widget-divider--view-line elementor-widget elementor-widget-divider\" data-id=\"0be18da\" data-element_type=\"widget\" data-e-type=\"widget\" data-widget_type=\"divider.default\">\n\t\t\t\t<div class=\"elementor-widget-container\">\n\t\t\t\t\t\t\t<div class=\"elementor-divider\">\n\t\t\t<span class=\"elementor-divider-separator\">\n\t\t\t\t\t\t<\/span>\n\t\t<\/div>\n\t\t\t\t\t\t<\/div>\n\t\t\t\t<\/div>\n\t\t\t\t<div class=\"elementor-element elementor-element-3438e16 elementor-widget elementor-widget-text-editor\" data-id=\"3438e16\" data-element_type=\"widget\" data-e-type=\"widget\" data-widget_type=\"text-editor.default\">\n\t\t\t\t<div class=\"elementor-widget-container\">\n\t\t\t\t\t\t\t\t\t<p><strong>Solo Concert<br \/><\/strong>with works by: Grandjany, Casella, Reni\u00e9, Bach and Tall\u00f3s<\/p><p><strong>25.05.2025\u00a0 I\u00a0 17:00<\/strong><br \/>Br\u00f6msehaus L\u00fcneburg<br \/>Am Berge 35, 21335 L\u00fcneburg\u00a0<\/p>\t\t\t\t\t\t\t\t<\/div>\n\t\t\t\t<\/div>\n\t\t\t\t<div class=\"elementor-element elementor-element-c5a2bdb elementor-widget-divider--view-line elementor-widget elementor-widget-divider\" data-id=\"c5a2bdb\" data-element_type=\"widget\" data-e-type=\"widget\" data-widget_type=\"divider.default\">\n\t\t\t\t<div class=\"elementor-widget-container\">\n\t\t\t\t\t\t\t<div class=\"elementor-divider\">\n\t\t\t<span class=\"elementor-divider-separator\">\n\t\t\t\t\t\t<\/span>\n\t\t<\/div>\n\t\t\t\t\t\t<\/div>\n\t\t\t\t<\/div>\n\t\t\t\t<div class=\"elementor-element elementor-element-705748d elementor-widget elementor-widget-text-editor\" data-id=\"705748d\" data-element_type=\"widget\" data-e-type=\"widget\" data-widget_type=\"text-editor.default\">\n\t\t\t\t<div class=\"elementor-widget-container\">\n\t\t\t\t\t\t\t\t\t<p><strong>Concert of the Academic Foundation<\/strong><\/p><p><strong>02.06.2025<\/strong><\/p><div>Jazz Hall of the Hamburg Academy of Music and Theatre<\/div><p>Harvestehuder Weg 12, 20148 Hamburg<\/p>\t\t\t\t\t\t\t\t<\/div>\n\t\t\t\t<\/div>\n\t\t\t\t<div class=\"elementor-element elementor-element-a713b5a elementor-widget-divider--view-line elementor-widget elementor-widget-divider\" data-id=\"a713b5a\" data-element_type=\"widget\" data-e-type=\"widget\" data-widget_type=\"divider.default\">\n\t\t\t\t<div class=\"elementor-widget-container\">\n\t\t\t\t\t\t\t<div class=\"elementor-divider\">\n\t\t\t<span class=\"elementor-divider-separator\">\n\t\t\t\t\t\t<\/span>\n\t\t<\/div>\n\t\t\t\t\t\t<\/div>\n\t\t\t\t<\/div>\n\t\t\t\t<div class=\"elementor-element elementor-element-77ea27e elementor-widget elementor-widget-text-editor\" data-id=\"77ea27e\" data-element_type=\"widget\" data-e-type=\"widget\" data-widget_type=\"text-editor.default\">\n\t\t\t\t<div class=\"elementor-widget-container\">\n\t\t\t\t\t\t\t\t\t<p><strong>03.06.2025\u00a0 I\u00a0 20:00<\/strong><\/p><p>Jonathan Tetelman: Nessun Dorma<br \/>Operngala mit dem Hamburger Camerata<\/p><p>Mehr Infos<\/p>\t\t\t\t\t\t\t\t<\/div>\n\t\t\t\t<\/div>\n\t\t\t\t<div class=\"elementor-element elementor-element-6f55dad elementor-align-justify elementor-widget__width-inherit elementor-widget elementor-widget-button\" data-id=\"6f55dad\" data-element_type=\"widget\" data-e-type=\"widget\" data-widget_type=\"button.default\">\n\t\t\t\t<div class=\"elementor-widget-container\">\n\t\t\t\t\t\t\t\t\t<div class=\"elementor-button-wrapper\">\n\t\t\t\t\t<a class=\"elementor-button elementor-button-link elementor-size-sm elementor-animation-grow\" href=\"https:\/\/www.hamburgercamerata.com\/03-07-25\" target=\"_blank\">\n\t\t\t\t\t\t<span class=\"elementor-button-content-wrapper\">\n\t\t\t\t\t\t<span class=\"elementor-button-icon\">\n\t\t\t\t<i aria-hidden=\"true\" class=\"fas fa-arrow-circle-right\"><\/i>\t\t\t<\/span>\n\t\t\t\t\t\t\t\t\t<span class=\"elementor-button-text\">INFOS<\/span>\n\t\t\t\t\t<\/span>\n\t\t\t\t\t<\/a>\n\t\t\t\t<\/div>\n\t\t\t\t\t\t\t\t<\/div>\n\t\t\t\t<\/div>\n\t\t\t\t<div class=\"elementor-element elementor-element-a0c1b22 elementor-widget-divider--view-line elementor-widget elementor-widget-divider\" data-id=\"a0c1b22\" data-element_type=\"widget\" data-e-type=\"widget\" data-widget_type=\"divider.default\">\n\t\t\t\t<div class=\"elementor-widget-container\">\n\t\t\t\t\t\t\t<div class=\"elementor-divider\">\n\t\t\t<span class=\"elementor-divider-separator\">\n\t\t\t\t\t\t<\/span>\n\t\t<\/div>\n\t\t\t\t\t\t<\/div>\n\t\t\t\t<\/div>\n\t\t\t\t<div class=\"elementor-element elementor-element-0daa65b elementor-widget elementor-widget-text-editor\" data-id=\"0daa65b\" data-element_type=\"widget\" data-e-type=\"widget\" data-widget_type=\"text-editor.default\">\n\t\t\t\t<div class=\"elementor-widget-container\">\n\t\t\t\t\t\t\t\t\t<p><strong>Final concert BA with works by: Grandjany, Casella, Tailleferre, Bach and Tall\u00f3s<\/strong><\/p><p><strong>07.07.2025\u00a0 I\u00a0 18:00<\/strong><br \/>Hall of Mirrors of the Museum for Art and Trade Hamburg<br \/>Steintorplatz, 20099 Hamburg<\/p><p>Mehr Infos<\/p>\t\t\t\t\t\t\t\t<\/div>\n\t\t\t\t<\/div>\n\t\t\t\t<div class=\"elementor-element elementor-element-01663bd elementor-align-justify elementor-widget__width-inherit elementor-widget elementor-widget-button\" data-id=\"01663bd\" data-element_type=\"widget\" data-e-type=\"widget\" data-widget_type=\"button.default\">\n\t\t\t\t<div class=\"elementor-widget-container\">\n\t\t\t\t\t\t\t\t\t<div class=\"elementor-button-wrapper\">\n\t\t\t\t\t<a class=\"elementor-button elementor-button-link elementor-size-sm elementor-animation-grow\" href=\"https:\/\/www.hfmt-hamburg.de\/hochschule\/aktuelles\/veranstaltungen\/12206-2025-07-07-harfenabend\" target=\"_blank\">\n\t\t\t\t\t\t<span class=\"elementor-button-content-wrapper\">\n\t\t\t\t\t\t<span class=\"elementor-button-icon\">\n\t\t\t\t<i aria-hidden=\"true\" class=\"fas fa-arrow-circle-right\"><\/i>\t\t\t<\/span>\n\t\t\t\t\t\t\t\t\t<span class=\"elementor-button-text\">INFOS<\/span>\n\t\t\t\t\t<\/span>\n\t\t\t\t\t<\/a>\n\t\t\t\t<\/div>\n\t\t\t\t\t\t\t\t<\/div>\n\t\t\t\t<\/div>\n\t\t\t\t<div class=\"elementor-element elementor-element-4f427ab elementor-widget-divider--view-line elementor-widget elementor-widget-divider\" data-id=\"4f427ab\" data-element_type=\"widget\" data-e-type=\"widget\" data-widget_type=\"divider.default\">\n\t\t\t\t<div class=\"elementor-widget-container\">\n\t\t\t\t\t\t\t<div class=\"elementor-divider\">\n\t\t\t<span class=\"elementor-divider-separator\">\n\t\t\t\t\t\t<\/span>\n\t\t<\/div>\n\t\t\t\t\t\t<\/div>\n\t\t\t\t<\/div>\n\t\t\t\t<div class=\"elementor-element elementor-element-049e19b elementor-widget elementor-widget-text-editor\" data-id=\"049e19b\" data-element_type=\"widget\" data-e-type=\"widget\" data-widget_type=\"text-editor.default\">\n\t\t\t\t<div class=\"elementor-widget-container\">\n\t\t\t\t\t\t\t\t\t<div><strong>Schleswig-Holstein Proms\u00a0<\/strong><strong>mit dem Hamburger Camerata <\/strong><strong>Neum\u00fcnster<\/strong><\/div><p><strong>16.08.2025\u00a0 I\u00a0 19:30<\/strong><br \/>Hall of Mirrors of the Museum for Art and Trade Hamburg<br \/>Steintorplatz, 20099 Hamburg<\/p><p><span class=\"gmail-w8qArf gmail-FoJoyf\">Holstenhallen 1, <\/span>Justus-von-Liebig-Stra\u00dfe 2-4, 24537 Neum\u00fcnster<\/p><p>Mehr Infos<\/p>\t\t\t\t\t\t\t\t<\/div>\n\t\t\t\t<\/div>\n\t\t\t\t<div class=\"elementor-element elementor-element-93abc89 elementor-align-justify elementor-widget__width-inherit elementor-widget elementor-widget-button\" data-id=\"93abc89\" data-element_type=\"widget\" data-e-type=\"widget\" data-widget_type=\"button.default\">\n\t\t\t\t<div class=\"elementor-widget-container\">\n\t\t\t\t\t\t\t\t\t<div class=\"elementor-button-wrapper\">\n\t\t\t\t\t<a class=\"elementor-button elementor-button-link elementor-size-sm elementor-animation-grow\" href=\"https:\/\/www.shmf.de\/de\/veranstaltung\/schleswig-holstein-proms-2047\" target=\"_blank\">\n\t\t\t\t\t\t<span class=\"elementor-button-content-wrapper\">\n\t\t\t\t\t\t<span class=\"elementor-button-icon\">\n\t\t\t\t<i aria-hidden=\"true\" class=\"fas fa-arrow-circle-right\"><\/i>\t\t\t<\/span>\n\t\t\t\t\t\t\t\t\t<span class=\"elementor-button-text\">INFOS<\/span>\n\t\t\t\t\t<\/span>\n\t\t\t\t\t<\/a>\n\t\t\t\t<\/div>\n\t\t\t\t\t\t\t\t<\/div>\n\t\t\t\t<\/div>\n\t\t\t\t<div class=\"elementor-element elementor-element-ffa0faf elementor-widget-divider--view-line elementor-widget elementor-widget-divider\" data-id=\"ffa0faf\" data-element_type=\"widget\" data-e-type=\"widget\" data-widget_type=\"divider.default\">\n\t\t\t\t<div class=\"elementor-widget-container\">\n\t\t\t\t\t\t\t<div class=\"elementor-divider\">\n\t\t\t<span class=\"elementor-divider-separator\">\n\t\t\t\t\t\t<\/span>\n\t\t<\/div>\n\t\t\t\t\t\t<\/div>\n\t\t\t\t<\/div>\n\t\t\t\t<div class=\"elementor-element elementor-element-eae2df2 elementor-widget elementor-widget-text-editor\" data-id=\"eae2df2\" data-element_type=\"widget\" data-e-type=\"widget\" data-widget_type=\"text-editor.default\">\n\t\t\t\t<div class=\"elementor-widget-container\">\n\t\t\t\t\t\t\t\t\t<p><strong>International Mendelssohn Festival<br \/><em>Esprit fran\u00e7ais<\/em>Chamber concert with Patrick Gallois,<\/strong> <strong>Joanna Kamenarska, \u00a0Anna-Kreetta Gribajcevic<\/strong><\/p><p><strong>17.09.2025\u00a0 I\u00a0 19:30<\/strong><br \/>Small hall of the Elbphilharmonie<br \/>Platz der Deutschen Einheit 4, <br \/>20457 Hamburg<\/p><p>More info and tickets:<\/p>\t\t\t\t\t\t\t\t<\/div>\n\t\t\t\t<\/div>\n\t\t\t\t<div class=\"elementor-element elementor-element-3f8d876 elementor-align-justify elementor-widget__width-inherit elementor-widget elementor-widget-button\" data-id=\"3f8d876\" data-element_type=\"widget\" data-e-type=\"widget\" data-widget_type=\"button.default\">\n\t\t\t\t<div class=\"elementor-widget-container\">\n\t\t\t\t\t\t\t\t\t<div class=\"elementor-button-wrapper\">\n\t\t\t\t\t<a class=\"elementor-button elementor-button-link elementor-size-sm elementor-animation-grow\" href=\"https:\/\/mendelssohn-festival.com\/konzerte\/mittwoch-17-09-2025-1930-uhr\/\" target=\"_blank\">\n\t\t\t\t\t\t<span class=\"elementor-button-content-wrapper\">\n\t\t\t\t\t\t<span class=\"elementor-button-icon\">\n\t\t\t\t<i aria-hidden=\"true\" class=\"fas fa-arrow-circle-right\"><\/i>\t\t\t<\/span>\n\t\t\t\t\t\t\t\t\t<span class=\"elementor-button-text\">INFOS<\/span>\n\t\t\t\t\t<\/span>\n\t\t\t\t\t<\/a>\n\t\t\t\t<\/div>\n\t\t\t\t\t\t\t\t<\/div>\n\t\t\t\t<\/div>\n\t\t\t\t<div class=\"elementor-element elementor-element-2ab7a67 elementor-widget-divider--view-line elementor-widget elementor-widget-divider\" data-id=\"2ab7a67\" data-element_type=\"widget\" data-e-type=\"widget\" data-widget_type=\"divider.default\">\n\t\t\t\t<div class=\"elementor-widget-container\">\n\t\t\t\t\t\t\t<div class=\"elementor-divider\">\n\t\t\t<span class=\"elementor-divider-separator\">\n\t\t\t\t\t\t<\/span>\n\t\t<\/div>\n\t\t\t\t\t\t<\/div>\n\t\t\t\t<\/div>\n\t\t\t\t<div class=\"elementor-element elementor-element-bb85088 elementor-widget elementor-widget-text-editor\" data-id=\"bb85088\" data-element_type=\"widget\" data-e-type=\"widget\" data-widget_type=\"text-editor.default\">\n\t\t\t\t<div class=\"elementor-widget-container\">\n\t\t\t\t\t\t\t\t\t<p><strong>Solo Concert <br \/>XXVII. International Harp Festival in G\u00f6d\u00f6ll\u0151, Hungary<br \/>with Cs\u00f6rge\u0151 Luca, soprano<\/strong><\/p><p><strong>10.10.2025\u00a0 I\u00a0 19:00<\/strong> <br \/><strong>\u00a0<\/strong>G\u00f6d\u00f6ll\u0151, Grassalkovich-kast\u00e9ly, 5852, 2100 Ungarn<\/p><p>Tickets und Infos f\u00fcr das Konzert<\/p>\t\t\t\t\t\t\t\t<\/div>\n\t\t\t\t<\/div>\n\t\t\t\t<div class=\"elementor-element elementor-element-33f0b07 elementor-align-justify elementor-widget__width-inherit elementor-widget elementor-widget-button\" data-id=\"33f0b07\" data-element_type=\"widget\" data-e-type=\"widget\" data-widget_type=\"button.default\">\n\t\t\t\t<div class=\"elementor-widget-container\">\n\t\t\t\t\t\t\t\t\t<div class=\"elementor-button-wrapper\">\n\t\t\t\t\t<a class=\"elementor-button elementor-button-link elementor-size-sm elementor-animation-grow\" href=\"https:\/\/kiralyikastely.hu\/tallos-almos-koncertje.html\" target=\"_blank\">\n\t\t\t\t\t\t<span class=\"elementor-button-content-wrapper\">\n\t\t\t\t\t\t<span class=\"elementor-button-icon\">\n\t\t\t\t<i aria-hidden=\"true\" class=\"fas fa-arrow-circle-right\"><\/i>\t\t\t<\/span>\n\t\t\t\t\t\t\t\t\t<span class=\"elementor-button-text\">INFOS<\/span>\n\t\t\t\t\t<\/span>\n\t\t\t\t\t<\/a>\n\t\t\t\t<\/div>\n\t\t\t\t\t\t\t\t<\/div>\n\t\t\t\t<\/div>\n\t\t\t\t<div class=\"elementor-element elementor-element-2fea8fd elementor-widget-divider--view-line elementor-widget elementor-widget-divider\" data-id=\"2fea8fd\" data-element_type=\"widget\" data-e-type=\"widget\" data-widget_type=\"divider.default\">\n\t\t\t\t<div class=\"elementor-widget-container\">\n\t\t\t\t\t\t\t<div class=\"elementor-divider\">\n\t\t\t<span class=\"elementor-divider-separator\">\n\t\t\t\t\t\t<\/span>\n\t\t<\/div>\n\t\t\t\t\t\t<\/div>\n\t\t\t\t<\/div>\n\t\t\t\t<div class=\"elementor-element elementor-element-e573977 elementor-widget elementor-widget-text-editor\" data-id=\"e573977\" data-element_type=\"widget\" data-e-type=\"widget\" data-widget_type=\"text-editor.default\">\n\t\t\t\t<div class=\"elementor-widget-container\">\n\t\t\t\t\t\t\t\t\t<p><strong>Solo concert as part of the Elsie K\u00fchn-Leitz Scholarship<\/strong><\/p><p><strong>15.11.2025<\/strong> <br \/>Wetzlar cultural community<br \/>Laufdorfer Weg 6,<br \/>35578 Wetzlar<\/p><p>Tickets und Infos f\u00fcr das Konzert<\/p>\t\t\t\t\t\t\t\t<\/div>\n\t\t\t\t<\/div>\n\t\t\t\t<div class=\"elementor-element elementor-element-3679aa3 elementor-align-justify elementor-widget__width-inherit elementor-widget elementor-widget-button\" data-id=\"3679aa3\" data-element_type=\"widget\" data-e-type=\"widget\" data-widget_type=\"button.default\">\n\t\t\t\t<div class=\"elementor-widget-container\">\n\t\t\t\t\t\t\t\t\t<div class=\"elementor-button-wrapper\">\n\t\t\t\t\t<a class=\"elementor-button elementor-button-link elementor-size-sm elementor-animation-grow\" href=\"https:\/\/wetzlarer-kulturgemeinschaft.de\/konzert\/almos-tallos-harfe\" target=\"_blank\">\n\t\t\t\t\t\t<span class=\"elementor-button-content-wrapper\">\n\t\t\t\t\t\t<span class=\"elementor-button-icon\">\n\t\t\t\t<i aria-hidden=\"true\" class=\"fas fa-arrow-circle-right\"><\/i>\t\t\t<\/span>\n\t\t\t\t\t\t\t\t\t<span class=\"elementor-button-text\">INFOS<\/span>\n\t\t\t\t\t<\/span>\n\t\t\t\t\t<\/a>\n\t\t\t\t<\/div>\n\t\t\t\t\t\t\t\t<\/div>\n\t\t\t\t<\/div>\n\t\t\t\t<div class=\"elementor-element elementor-element-d77277d elementor-widget-divider--view-line elementor-widget elementor-widget-divider\" data-id=\"d77277d\" data-element_type=\"widget\" data-e-type=\"widget\" data-widget_type=\"divider.default\">\n\t\t\t\t<div class=\"elementor-widget-container\">\n\t\t\t\t\t\t\t<div class=\"elementor-divider\">\n\t\t\t<span class=\"elementor-divider-separator\">\n\t\t\t\t\t\t<\/span>\n\t\t<\/div>\n\t\t\t\t\t\t<\/div>\n\t\t\t\t<\/div>\n\t\t\t\t<div class=\"elementor-element elementor-element-7c76dc2 elementor-widget elementor-widget-text-editor\" data-id=\"7c76dc2\" data-element_type=\"widget\" data-e-type=\"widget\" data-widget_type=\"text-editor.default\">\n\t\t\t\t<div class=\"elementor-widget-container\">\n\t\t\t\t\t\t\t\t\t<p><strong>22.11.2025\u00a0 I 18:00<\/strong><\/p><p>Debussy: Danse sacr\u00e9e et profane und H\u00e4ndel: Harfenkonzert in B-Dur mit dem WKO<\/p><p>Erl\u00f6serkirche Farmsen, Bramfelder Weg 23, 22159 Hamburg<\/p>\t\t\t\t\t\t\t\t<\/div>\n\t\t\t\t<\/div>\n\t\t\t\t<div class=\"elementor-element elementor-element-eb67f08 elementor-widget-divider--view-line elementor-widget elementor-widget-divider\" data-id=\"eb67f08\" data-element_type=\"widget\" data-e-type=\"widget\" data-widget_type=\"divider.default\">\n\t\t\t\t<div class=\"elementor-widget-container\">\n\t\t\t\t\t\t\t<div class=\"elementor-divider\">\n\t\t\t<span class=\"elementor-divider-separator\">\n\t\t\t\t\t\t<\/span>\n\t\t<\/div>\n\t\t\t\t\t\t<\/div>\n\t\t\t\t<\/div>\n\t\t\t\t<div class=\"elementor-element elementor-element-dde5451 elementor-widget elementor-widget-text-editor\" data-id=\"dde5451\" data-element_type=\"widget\" data-e-type=\"widget\" data-widget_type=\"text-editor.default\">\n\t\t\t\t<div class=\"elementor-widget-container\">\n\t\t\t\t\t\t\t\t\t<div><strong>23.11.2025\u00a0 I 18:00<\/strong><\/div><div>\u00a0<\/div><div>Debussy: Danse sacr\u00e9e et profane und H\u00e4ndel: Harfenkonzert in B-Dur mit dem WKO<\/div><div>\u00a0<\/div><div>St. Peter in Gro\u00df Borstel \u2013 Schr\u00f6dersweg 5, 22453 Hamburg<\/div><p>\u00a0<\/p>\t\t\t\t\t\t\t\t<\/div>\n\t\t\t\t<\/div>\n\t\t\t\t<div class=\"elementor-element elementor-element-47872ad elementor-widget-divider--view-line elementor-widget elementor-widget-divider\" data-id=\"47872ad\" data-element_type=\"widget\" data-e-type=\"widget\" data-widget_type=\"divider.default\">\n\t\t\t\t<div class=\"elementor-widget-container\">\n\t\t\t\t\t\t\t<div class=\"elementor-divider\">\n\t\t\t<span class=\"elementor-divider-separator\">\n\t\t\t\t\t\t<\/span>\n\t\t<\/div>\n\t\t\t\t\t\t<\/div>\n\t\t\t\t<\/div>\n\t\t\t\t\t<\/div>\n\t\t<\/div>\n\t\t\t\t<div class=\"elementor-column elementor-col-50 elementor-top-column elementor-element elementor-element-6633a284\" data-id=\"6633a284\" data-element_type=\"column\" data-e-type=\"column\">\n\t\t\t<div class=\"elementor-widget-wrap\">\n\t\t\t\t\t\t\t<\/div>\n\t\t<\/div>\n\t\t\t\t\t<\/div>\n\t\t<\/section>\n\t\t\t\t<section class=\"elementor-section elementor-top-section elementor-element elementor-element-0ae5eb5 elementor-section-boxed elementor-section-height-default elementor-section-height-default\" data-id=\"0ae5eb5\" data-element_type=\"section\" data-e-type=\"section\">\n\t\t\t\t\t\t<div class=\"elementor-container elementor-column-gap-default\">\n\t\t\t\t\t<div class=\"elementor-column elementor-col-100 elementor-top-column elementor-element elementor-element-4fdb875\" data-id=\"4fdb875\" data-element_type=\"column\" data-e-type=\"column\">\n\t\t\t<div class=\"elementor-widget-wrap\">\n\t\t\t\t\t\t\t<\/div>\n\t\t<\/div>\n\t\t\t\t\t<\/div>\n\t\t<\/section>\n\t\t\t\t<section class=\"elementor-section elementor-top-section elementor-element elementor-element-38a0f50 elementor-section-boxed elementor-section-height-default elementor-section-height-default\" data-id=\"38a0f50\" data-element_type=\"section\" data-e-type=\"section\">\n\t\t\t\t\t\t<div class=\"elementor-container elementor-column-gap-default\">\n\t\t\t\t\t<div class=\"elementor-column elementor-col-50 elementor-top-column elementor-element elementor-element-1bf7c357\" data-id=\"1bf7c357\" data-element_type=\"column\" data-e-type=\"column\">\n\t\t\t<div class=\"elementor-widget-wrap\">\n\t\t\t\t\t\t\t<\/div>\n\t\t<\/div>\n\t\t\t\t<div class=\"elementor-column elementor-col-50 elementor-top-column elementor-element elementor-element-6d5e9eab\" data-id=\"6d5e9eab\" data-element_type=\"column\" data-e-type=\"column\">\n\t\t\t<div class=\"elementor-widget-wrap elementor-element-populated\">\n\t\t\t\t\t\t<div class=\"elementor-element elementor-element-789a2232 elementor-widget elementor-widget-image\" data-id=\"789a2232\" data-element_type=\"widget\" data-e-type=\"widget\" data-widget_type=\"image.default\">\n\t\t\t\t<div class=\"elementor-widget-container\">\n\t\t\t\t\t\t\t\t\t\t\t\t\t\t\t<img loading=\"lazy\" decoding=\"async\" width=\"648\" height=\"364\" src=\"http:\/\/almos-tallos.com\/wp-content\/uploads\/2024\/07\/KONZERTE_VISUAL_NEW.jpg\" class=\"attachment-large size-large wp-image-772\" alt=\"\" srcset=\"http:\/\/almos-tallos.com\/wp-content\/uploads\/2024\/07\/KONZERTE_VISUAL_NEW.jpg 648w, http:\/\/almos-tallos.com\/wp-content\/uploads\/2024\/07\/KONZERTE_VISUAL_NEW-300x169.jpg 300w, http:\/\/almos-tallos.com\/wp-content\/uploads\/2024\/07\/KONZERTE_VISUAL_NEW-18x10.jpg 18w\" sizes=\"(max-width: 648px) 100vw, 648px\" \/>\t\t\t\t\t\t\t\t\t\t\t\t\t\t\t<\/div>\n\t\t\t\t<\/div>\n\t\t\t\t<div class=\"elementor-element elementor-element-53e1f04 elementor-widget elementor-widget-text-editor\" data-id=\"53e1f04\" data-element_type=\"widget\" data-e-type=\"widget\" data-widget_type=\"text-editor.default\">\n\t\t\t\t<div class=\"elementor-widget-container\">\n\t\t\t\t\t\t\t\t\t<p>Open Air Concert<br \/><strong>14.,16., 22. 08.2024\u00a0 I\u00a0 21:00-24:00 pm<\/strong><br \/>Parkfunkeln Norderstedt\u00a0 I\u00a0 Stadtpark Norderstedt<\/p>\t\t\t\t\t\t\t\t<\/div>\n\t\t\t\t<\/div>\n\t\t\t\t<div class=\"elementor-element elementor-element-715f5e2 elementor-align-justify elementor-widget__width-inherit elementor-widget elementor-widget-button\" data-id=\"715f5e2\" data-element_type=\"widget\" data-e-type=\"widget\" data-widget_type=\"button.default\">\n\t\t\t\t<div class=\"elementor-widget-container\">\n\t\t\t\t\t\t\t\t\t<div class=\"elementor-button-wrapper\">\n\t\t\t\t\t<a class=\"elementor-button elementor-button-link elementor-size-sm elementor-animation-grow\" href=\"https:\/\/www.parkfunkeln-norderstedt.de\/\" target=\"_blank\">\n\t\t\t\t\t\t<span class=\"elementor-button-content-wrapper\">\n\t\t\t\t\t\t<span class=\"elementor-button-icon\">\n\t\t\t\t<i aria-hidden=\"true\" class=\"fas fa-arrow-circle-right\"><\/i>\t\t\t<\/span>\n\t\t\t\t\t\t\t\t\t<span class=\"elementor-button-text\">INFOS<\/span>\n\t\t\t\t\t<\/span>\n\t\t\t\t\t<\/a>\n\t\t\t\t<\/div>\n\t\t\t\t\t\t\t\t<\/div>\n\t\t\t\t<\/div>\n\t\t\t\t<div class=\"elementor-element elementor-element-42255a30 elementor-widget elementor-widget-text-editor\" data-id=\"42255a30\" data-element_type=\"widget\" data-e-type=\"widget\" data-widget_type=\"text-editor.default\">\n\t\t\t\t<div class=\"elementor-widget-container\">\n\t\t\t\t\t\t\t\t\t<p>Solo Concert LMN<br \/><strong>04.09.2024\u00a0 I\u00a0 16:00 pm<\/strong><br \/>Psychiatrische Klinik L\u00fcneburg<\/p>\t\t\t\t\t\t\t\t<\/div>\n\t\t\t\t<\/div>\n\t\t\t\t<div class=\"elementor-element elementor-element-3da881ad elementor-align-justify elementor-widget__width-inherit elementor-widget elementor-widget-button\" data-id=\"3da881ad\" data-element_type=\"widget\" data-e-type=\"widget\" data-widget_type=\"button.default\">\n\t\t\t\t<div class=\"elementor-widget-container\">\n\t\t\t\t\t\t\t\t\t<div class=\"elementor-button-wrapper\">\n\t\t\t\t\t<a class=\"elementor-button elementor-button-link elementor-size-sm elementor-animation-grow\" href=\"https:\/\/www.livemusicnow-hamburg.de\/konzertkalender\/\" target=\"_blank\">\n\t\t\t\t\t\t<span class=\"elementor-button-content-wrapper\">\n\t\t\t\t\t\t<span class=\"elementor-button-icon\">\n\t\t\t\t<i aria-hidden=\"true\" class=\"fas fa-arrow-circle-right\"><\/i>\t\t\t<\/span>\n\t\t\t\t\t\t\t\t\t<span class=\"elementor-button-text\">INFOS<\/span>\n\t\t\t\t\t<\/span>\n\t\t\t\t\t<\/a>\n\t\t\t\t<\/div>\n\t\t\t\t\t\t\t\t<\/div>\n\t\t\t\t<\/div>\n\t\t\t\t<div class=\"elementor-element elementor-element-59112b9d elementor-widget elementor-widget-text-editor\" data-id=\"59112b9d\" data-element_type=\"widget\" data-e-type=\"widget\" data-widget_type=\"text-editor.default\">\n\t\t\t\t<div class=\"elementor-widget-container\">\n\t\t\t\t\t\t\t\t\t<p>Solo Concert LMN <br \/><strong>04.09.2024\u00a0 I\u00a0 18:15 pm<\/strong><br \/>Wichernhaus, L\u00fcneburg<\/p>\t\t\t\t\t\t\t\t<\/div>\n\t\t\t\t<\/div>\n\t\t\t\t<div class=\"elementor-element elementor-element-5b3fc795 elementor-align-justify elementor-widget__width-inherit elementor-widget elementor-widget-button\" data-id=\"5b3fc795\" data-element_type=\"widget\" data-e-type=\"widget\" data-widget_type=\"button.default\">\n\t\t\t\t<div class=\"elementor-widget-container\">\n\t\t\t\t\t\t\t\t\t<div class=\"elementor-button-wrapper\">\n\t\t\t\t\t<a class=\"elementor-button elementor-button-link elementor-size-sm elementor-animation-grow\" href=\"https:\/\/www.livemusicnow-hamburg.de\/konzertkalender\/\" target=\"_blank\">\n\t\t\t\t\t\t<span class=\"elementor-button-content-wrapper\">\n\t\t\t\t\t\t<span class=\"elementor-button-icon\">\n\t\t\t\t<i aria-hidden=\"true\" class=\"fas fa-arrow-circle-right\"><\/i>\t\t\t<\/span>\n\t\t\t\t\t\t\t\t\t<span class=\"elementor-button-text\">INFOS<\/span>\n\t\t\t\t\t<\/span>\n\t\t\t\t\t<\/a>\n\t\t\t\t<\/div>\n\t\t\t\t\t\t\t\t<\/div>\n\t\t\t\t<\/div>\n\t\t\t\t<div class=\"elementor-element elementor-element-7d47bcb2 elementor-widget elementor-widget-text-editor\" data-id=\"7d47bcb2\" data-element_type=\"widget\" data-e-type=\"widget\" data-widget_type=\"text-editor.default\">\n\t\t\t\t<div class=\"elementor-widget-container\">\n\t\t\t\t\t\t\t\t\t<p>Solo Concert as part of the ARS SACRA FESTIVAL<br \/><strong>20.09.2024\u00a0 I\u00a0 19:00 pm<\/strong><br \/>1121 Budapest, Zugligeti \u00fat 64.<\/p>\t\t\t\t\t\t\t\t<\/div>\n\t\t\t\t<\/div>\n\t\t\t\t<div class=\"elementor-element elementor-element-70decbd elementor-align-justify elementor-widget__width-inherit elementor-widget elementor-widget-button\" data-id=\"70decbd\" data-element_type=\"widget\" data-e-type=\"widget\" data-widget_type=\"button.default\">\n\t\t\t\t<div class=\"elementor-widget-container\">\n\t\t\t\t\t\t\t\t\t<div class=\"elementor-button-wrapper\">\n\t\t\t\t\t<a class=\"elementor-button elementor-button-link elementor-size-sm elementor-animation-grow\" href=\"https:\/\/ars-sacra.hu\/prg.php?prgid=7493\" target=\"_blank\">\n\t\t\t\t\t\t<span class=\"elementor-button-content-wrapper\">\n\t\t\t\t\t\t<span class=\"elementor-button-icon\">\n\t\t\t\t<i aria-hidden=\"true\" class=\"fas fa-arrow-circle-right\"><\/i>\t\t\t<\/span>\n\t\t\t\t\t\t\t\t\t<span class=\"elementor-button-text\">INFOS<\/span>\n\t\t\t\t\t<\/span>\n\t\t\t\t\t<\/a>\n\t\t\t\t<\/div>\n\t\t\t\t\t\t\t\t<\/div>\n\t\t\t\t<\/div>\n\t\t\t\t\t<\/div>\n\t\t<\/div>\n\t\t\t\t\t<\/div>\n\t\t<\/section>\n\t\t\t\t<section class=\"elementor-section elementor-top-section elementor-element elementor-element-35d3ba3 elementor-section-boxed elementor-section-height-default elementor-section-height-default\" data-id=\"35d3ba3\" data-element_type=\"section\" data-e-type=\"section\">\n\t\t\t\t\t\t<div class=\"elementor-container elementor-column-gap-default\">\n\t\t\t\t\t<div class=\"elementor-column elementor-col-50 elementor-top-column elementor-element elementor-element-a29d49e\" data-id=\"a29d49e\" data-element_type=\"column\" data-e-type=\"column\">\n\t\t\t<div class=\"elementor-widget-wrap\">\n\t\t\t\t\t\t\t<\/div>\n\t\t<\/div>\n\t\t\t\t<div class=\"elementor-column elementor-col-50 elementor-top-column elementor-element elementor-element-7a40fc2\" data-id=\"7a40fc2\" data-element_type=\"column\" data-e-type=\"column\">\n\t\t\t<div class=\"elementor-widget-wrap\">\n\t\t\t\t\t\t\t<\/div>\n\t\t<\/div>\n\t\t\t\t\t<\/div>\n\t\t<\/section>\n\t\t\t\t<section class=\"elementor-section elementor-top-section elementor-element elementor-element-43759b6 elementor-section-boxed elementor-section-height-default elementor-section-height-default\" data-id=\"43759b6\" data-element_type=\"section\" data-e-type=\"section\">\n\t\t\t\t\t\t<div class=\"elementor-container elementor-column-gap-default\">\n\t\t\t\t\t<div class=\"elementor-column elementor-col-50 elementor-top-column elementor-element elementor-element-4041992\" data-id=\"4041992\" data-element_type=\"column\" data-e-type=\"column\">\n\t\t\t<div class=\"elementor-widget-wrap elementor-element-populated\">\n\t\t\t\t\t\t<div class=\"elementor-element elementor-element-cf3d04c elementor-widget elementor-widget-image\" data-id=\"cf3d04c\" data-element_type=\"widget\" data-e-type=\"widget\" data-widget_type=\"image.default\">\n\t\t\t\t<div class=\"elementor-widget-container\">\n\t\t\t\t\t\t\t\t\t\t\t\t\t\t\t<img loading=\"lazy\" decoding=\"async\" width=\"648\" height=\"364\" src=\"http:\/\/almos-tallos.com\/wp-content\/uploads\/2024\/07\/KONZERTE_VISUAL_2_NEW.jpg\" class=\"attachment-large size-large wp-image-770\" alt=\"\" srcset=\"http:\/\/almos-tallos.com\/wp-content\/uploads\/2024\/07\/KONZERTE_VISUAL_2_NEW.jpg 648w, http:\/\/almos-tallos.com\/wp-content\/uploads\/2024\/07\/KONZERTE_VISUAL_2_NEW-300x169.jpg 300w, http:\/\/almos-tallos.com\/wp-content\/uploads\/2024\/07\/KONZERTE_VISUAL_2_NEW-18x10.jpg 18w\" sizes=\"(max-width: 648px) 100vw, 648px\" \/>\t\t\t\t\t\t\t\t\t\t\t\t\t\t\t<\/div>\n\t\t\t\t<\/div>\n\t\t\t\t<div class=\"elementor-element elementor-element-fcfba57 elementor-widget elementor-widget-text-editor\" data-id=\"fcfba57\" data-element_type=\"widget\" data-e-type=\"widget\" data-widget_type=\"text-editor.default\">\n\t\t\t\t<div class=\"elementor-widget-container\">\n\t\t\t\t\t\t\t\t\t<p><strong>15.06.2024\u00a0 I\u00a0 19:30 pm<\/strong><br \/>Richard Strauss: Ariadne auf Naxos with the Symphony Orchestra of the HfMT, Friedrich-Ebert-Halle Hamburg<\/p><p><strong>06.07.2024\u00a0 I\u00a0 19:00 pm<\/strong><br \/>Gabriel Faur\u00e9: Requiem with Camerata Hamburg, L\u00fcbeck Chamber Choir, St. Marien, Ohlsdorf-F\u00fchlsb\u00fcttel<\/p><p><strong>18.07.2024\u00a0 I\u00a0 19:30 pm<\/strong><br \/>Jazz-Hall Festival with the HfMT Large Ensemble  I  Jazz-Hall of the HfMT Hamburg<\/p>\t\t\t\t\t\t\t\t<\/div>\n\t\t\t\t<\/div>\n\t\t\t\t\t<\/div>\n\t\t<\/div>\n\t\t\t\t<div class=\"elementor-column elementor-col-50 elementor-top-column elementor-element elementor-element-1545f68\" data-id=\"1545f68\" data-element_type=\"column\" data-e-type=\"column\">\n\t\t\t<div class=\"elementor-widget-wrap\">\n\t\t\t\t\t\t\t<\/div>\n\t\t<\/div>\n\t\t\t\t\t<\/div>\n\t\t<\/section>\n\t\t\t\t<section class=\"elementor-section elementor-top-section elementor-element elementor-element-5de1ef2 elementor-section-boxed elementor-section-height-default elementor-section-height-default\" data-id=\"5de1ef2\" data-element_type=\"section\" data-e-type=\"section\">\n\t\t\t\t\t\t<div class=\"elementor-container elementor-column-gap-default\">\n\t\t\t\t\t<div class=\"elementor-column elementor-col-50 elementor-top-column elementor-element elementor-element-a317917\" data-id=\"a317917\" data-element_type=\"column\" data-e-type=\"column\">\n\t\t\t<div class=\"elementor-widget-wrap\">\n\t\t\t\t\t\t\t<\/div>\n\t\t<\/div>\n\t\t\t\t<div class=\"elementor-column elementor-col-50 elementor-top-column elementor-element elementor-element-018574f\" data-id=\"018574f\" data-element_type=\"column\" data-e-type=\"column\">\n\t\t\t<div class=\"elementor-widget-wrap elementor-element-populated\">\n\t\t\t\t\t\t<div class=\"elementor-element elementor-element-6bd1aa7 elementor-widget elementor-widget-image\" data-id=\"6bd1aa7\" data-element_type=\"widget\" data-e-type=\"widget\" data-widget_type=\"image.default\">\n\t\t\t\t<div class=\"elementor-widget-container\">\n\t\t\t\t\t\t\t\t\t\t\t\t\t\t\t<img loading=\"lazy\" decoding=\"async\" width=\"648\" height=\"364\" src=\"http:\/\/almos-tallos.com\/wp-content\/uploads\/2024\/02\/KONZERTE_MAeRZ_2024.jpg\" class=\"attachment-large size-large wp-image-726\" alt=\"\" srcset=\"http:\/\/almos-tallos.com\/wp-content\/uploads\/2024\/02\/KONZERTE_MAeRZ_2024.jpg 648w, http:\/\/almos-tallos.com\/wp-content\/uploads\/2024\/02\/KONZERTE_MAeRZ_2024-300x169.jpg 300w, http:\/\/almos-tallos.com\/wp-content\/uploads\/2024\/02\/KONZERTE_MAeRZ_2024-18x10.jpg 18w\" sizes=\"(max-width: 648px) 100vw, 648px\" \/>\t\t\t\t\t\t\t\t\t\t\t\t\t\t\t<\/div>\n\t\t\t\t<\/div>\n\t\t\t\t<div class=\"elementor-element elementor-element-7b97c6b elementor-widget elementor-widget-text-editor\" data-id=\"7b97c6b\" data-element_type=\"widget\" data-e-type=\"widget\" data-widget_type=\"text-editor.default\">\n\t\t\t\t<div class=\"elementor-widget-container\">\n\t\t\t\t\t\t\t\t\t<p><strong>02.03.2024\u00a0 um 18:00 Uhr<\/strong> \u00a0 I\u00a0\u00a0 W. A. Mozart, Konzert f\u00fcr Harfe und Fl\u00f6te in C-Dur KV. 299\u00a0\u00a0\u00a0 I\u00a0\u00a0\u00a0 Hamburger Juristenorchester, Harfe \u00c1lmos L\u00e1szlo Tall\u00f3s, Fl\u00f6te Clifford Lin, Dirigent Yangzi Liu.<\/p><p>Martin-Luther-Kirche, Schenefelder Landstra\u00dfe 202, 22589 Hamburg.<\/p><p><strong>07.03.2024\u00a0 um 19:00 Uhr<\/strong> \u00a0 I\u00a0\u00a0 W. A. Mozart, Konzert f\u00fcr Harfe und Fl\u00f6te in C-Dur KV. 299\u00a0\u00a0\u00a0 I\u00a0\u00a0\u00a0 Hamburger Juristenorchester, Harfe \u00c1lmos L\u00e1szlo Tall\u00f3s, Fl\u00f6te Clifford Lin, Dirigent Yangzi Liu.<\/p><p>Grundbuchhalle des Ziviljustizgeb\u00e4udes, Sievekingplatz 1, 20355 Hamburg.<\/p>\t\t\t\t\t\t\t\t<\/div>\n\t\t\t\t<\/div>\n\t\t\t\t<div class=\"elementor-element elementor-element-ce7ff00 elementor-align-justify elementor-widget__width-inherit elementor-widget elementor-widget-button\" data-id=\"ce7ff00\" data-element_type=\"widget\" data-e-type=\"widget\" data-widget_type=\"button.default\">\n\t\t\t\t<div class=\"elementor-widget-container\">\n\t\t\t\t\t\t\t\t\t<div class=\"elementor-button-wrapper\">\n\t\t\t\t\t<a class=\"elementor-button elementor-button-link elementor-size-sm elementor-animation-grow\" href=\"https:\/\/www.hamburgerjuristenorchester.de\/konzerte\/\" target=\"_blank\">\n\t\t\t\t\t\t<span class=\"elementor-button-content-wrapper\">\n\t\t\t\t\t\t<span class=\"elementor-button-icon\">\n\t\t\t\t<i aria-hidden=\"true\" class=\"fas fa-arrow-circle-right\"><\/i>\t\t\t<\/span>\n\t\t\t\t\t\t\t\t\t<span class=\"elementor-button-text\">INFOS<\/span>\n\t\t\t\t\t<\/span>\n\t\t\t\t\t<\/a>\n\t\t\t\t<\/div>\n\t\t\t\t\t\t\t\t<\/div>\n\t\t\t\t<\/div>\n\t\t\t\t\t<\/div>\n\t\t<\/div>\n\t\t\t\t\t<\/div>\n\t\t<\/section>\n\t\t\t\t<section class=\"elementor-section elementor-top-section elementor-element elementor-element-142e43d elementor-section-boxed elementor-section-height-default elementor-section-height-default\" data-id=\"142e43d\" data-element_type=\"section\" data-e-type=\"section\">\n\t\t\t\t\t\t<div class=\"elementor-container elementor-column-gap-default\">\n\t\t\t\t\t<div class=\"elementor-column elementor-col-50 elementor-top-column elementor-element elementor-element-17b4af9\" data-id=\"17b4af9\" data-element_type=\"column\" data-e-type=\"column\">\n\t\t\t<div class=\"elementor-widget-wrap elementor-element-populated\">\n\t\t\t\t\t\t<div class=\"elementor-element elementor-element-0ca1693 elementor-widget elementor-widget-image\" data-id=\"0ca1693\" data-element_type=\"widget\" data-e-type=\"widget\" data-widget_type=\"image.default\">\n\t\t\t\t<div class=\"elementor-widget-container\">\n\t\t\t\t\t\t\t\t\t\t\t\t\t\t\t<img loading=\"lazy\" decoding=\"async\" width=\"648\" height=\"364\" src=\"http:\/\/almos-tallos.com\/wp-content\/uploads\/2023\/12\/KONZERTE_DEZEMBER_23.jpg\" class=\"attachment-large size-large wp-image-716\" alt=\"\" srcset=\"http:\/\/almos-tallos.com\/wp-content\/uploads\/2023\/12\/KONZERTE_DEZEMBER_23.jpg 648w, http:\/\/almos-tallos.com\/wp-content\/uploads\/2023\/12\/KONZERTE_DEZEMBER_23-300x169.jpg 300w, http:\/\/almos-tallos.com\/wp-content\/uploads\/2023\/12\/KONZERTE_DEZEMBER_23-18x10.jpg 18w\" sizes=\"(max-width: 648px) 100vw, 648px\" \/>\t\t\t\t\t\t\t\t\t\t\t\t\t\t\t<\/div>\n\t\t\t\t<\/div>\n\t\t\t\t<div class=\"elementor-element elementor-element-2ed0ec3 elementor-widget elementor-widget-text-editor\" data-id=\"2ed0ec3\" data-element_type=\"widget\" data-e-type=\"widget\" data-widget_type=\"text-editor.default\">\n\t\t\t\t<div class=\"elementor-widget-container\">\n\t\t\t\t\t\t\t\t\t<p><strong>28. November 2023<\/strong>\u00a0 I \u00a0 LMN Solo-Konzert im Seinorheim Kiefh\u00f6rn Hamburg, Kiefh\u00f6rn 1-3, 22049 Hamburg<\/p><p><strong>03. Dezember 2023<\/strong>\u00a0 I \u00a0 17:00 Uhr, Philemon-Kirche Poppenb\u00fcttel, Poppenb\u00fctteler Weg 97, 22399 Hamburg, BENJAMIN BRITTEN: CEREMONY OF CAROLS, MIT DEM INCANTAMENTUM KAMMERCHOR\u00a0<\/p><p><strong>06. Dezember 2023<\/strong>\u00a0 I\u00a0 LMN SOLO-KONZERT bei der Else-Voss Stiftung Hamburg, S\u00fclldorfer Brooksweg 115, 22559 Hamburg<\/p><p><strong>17. Dezember 2023<\/strong>\u00a0 I \u00a0 17:00 mit der Sing-Akademie Hardegsen, Hardegsen, BENJAMIN BRITTEN: CEREMONY OF CAROLS und weitere St\u00fccke<\/p><p><strong>30. Dezember 2023<\/strong>\u00a0 I\u00a0 11:30, SOLO-AUFTRITT an der Konferenz des Ungarischen Antroposophischen VereinsBudapest, T\u00e1rogat\u00f3 Sz\u00ednpad<\/p>\t\t\t\t\t\t\t\t<\/div>\n\t\t\t\t<\/div>\n\t\t\t\t\t<\/div>\n\t\t<\/div>\n\t\t\t\t<div class=\"elementor-column elementor-col-50 elementor-top-column elementor-element elementor-element-efd6994\" data-id=\"efd6994\" data-element_type=\"column\" data-e-type=\"column\">\n\t\t\t<div class=\"elementor-widget-wrap\">\n\t\t\t\t\t\t\t<\/div>\n\t\t<\/div>\n\t\t\t\t\t<\/div>\n\t\t<\/section>\n\t\t\t\t<section class=\"elementor-section elementor-top-section elementor-element elementor-element-21d90c7 elementor-section-boxed elementor-section-height-default elementor-section-height-default\" data-id=\"21d90c7\" data-element_type=\"section\" data-e-type=\"section\">\n\t\t\t\t\t\t<div class=\"elementor-container elementor-column-gap-default\">\n\t\t\t\t\t<div class=\"elementor-column elementor-col-50 elementor-top-column elementor-element elementor-element-c49906f\" data-id=\"c49906f\" data-element_type=\"column\" data-e-type=\"column\">\n\t\t\t<div class=\"elementor-widget-wrap\">\n\t\t\t\t\t\t\t<\/div>\n\t\t<\/div>\n\t\t\t\t<div class=\"elementor-column elementor-col-50 elementor-top-column elementor-element elementor-element-e18ab1a\" data-id=\"e18ab1a\" data-element_type=\"column\" data-e-type=\"column\">\n\t\t\t<div class=\"elementor-widget-wrap elementor-element-populated\">\n\t\t\t\t\t\t<div class=\"elementor-element elementor-element-504d268 elementor-widget elementor-widget-image\" data-id=\"504d268\" data-element_type=\"widget\" data-e-type=\"widget\" data-widget_type=\"image.default\">\n\t\t\t\t<div class=\"elementor-widget-container\">\n\t\t\t\t\t\t\t\t\t\t\t\t\t\t\t<img loading=\"lazy\" decoding=\"async\" width=\"648\" height=\"364\" src=\"http:\/\/almos-tallos.com\/wp-content\/uploads\/2023\/10\/KONZERT_MUSIKSCHULE.jpg\" class=\"attachment-large size-large wp-image-708\" alt=\"\" srcset=\"http:\/\/almos-tallos.com\/wp-content\/uploads\/2023\/10\/KONZERT_MUSIKSCHULE.jpg 648w, http:\/\/almos-tallos.com\/wp-content\/uploads\/2023\/10\/KONZERT_MUSIKSCHULE-300x169.jpg 300w, http:\/\/almos-tallos.com\/wp-content\/uploads\/2023\/10\/KONZERT_MUSIKSCHULE-18x10.jpg 18w\" sizes=\"(max-width: 648px) 100vw, 648px\" \/>\t\t\t\t\t\t\t\t\t\t\t\t\t\t\t<\/div>\n\t\t\t\t<\/div>\n\t\t\t\t<div class=\"elementor-element elementor-element-815a476 elementor-widget elementor-widget-text-editor\" data-id=\"815a476\" data-element_type=\"widget\" data-e-type=\"widget\" data-widget_type=\"text-editor.default\">\n\t\t\t\t<div class=\"elementor-widget-container\">\n\t\t\t\t\t\t\t\t\t<p>\u00c1lmos L\u00e1szl\u00f3 Tall\u00f3s plays pieces by B. Smetana, E.A. Walter-K\u00fchne, L. Spohr and his own compositions.<\/p><p>HOCHSCHULE F\u00dcR MUSIK UND THEATER HAMBURG<br \/>Fanny Hensel-Saal, Harvestehuder Weg 12, 20148 Hamburg<\/p><p><strong>OCTOBER 29, 2023 I 6:00 p.m.<\/strong><\/p><p>Free entry.<\/p>\t\t\t\t\t\t\t\t<\/div>\n\t\t\t\t<\/div>\n\t\t\t\t\t<\/div>\n\t\t<\/div>\n\t\t\t\t\t<\/div>\n\t\t<\/section>\n\t\t\t\t<section class=\"elementor-section elementor-top-section elementor-element elementor-element-49582df elementor-section-boxed elementor-section-height-default elementor-section-height-default\" data-id=\"49582df\" data-element_type=\"section\" data-e-type=\"section\">\n\t\t\t\t\t\t<div class=\"elementor-container elementor-column-gap-default\">\n\t\t\t\t\t<div class=\"elementor-column elementor-col-50 elementor-top-column elementor-element elementor-element-16ddb0e\" data-id=\"16ddb0e\" data-element_type=\"column\" data-e-type=\"column\">\n\t\t\t<div class=\"elementor-widget-wrap elementor-element-populated\">\n\t\t\t\t\t\t<div class=\"elementor-element elementor-element-5430a2f elementor-widget elementor-widget-image\" data-id=\"5430a2f\" data-element_type=\"widget\" data-e-type=\"widget\" data-widget_type=\"image.default\">\n\t\t\t\t<div class=\"elementor-widget-container\">\n\t\t\t\t\t\t\t\t\t\t\t\t\t\t\t<img loading=\"lazy\" decoding=\"async\" width=\"648\" height=\"364\" src=\"http:\/\/almos-tallos.com\/wp-content\/uploads\/2023\/08\/ard-musikwettbewerb.jpg\" class=\"attachment-large size-large wp-image-667\" alt=\"\" srcset=\"http:\/\/almos-tallos.com\/wp-content\/uploads\/2023\/08\/ard-musikwettbewerb.jpg 648w, http:\/\/almos-tallos.com\/wp-content\/uploads\/2023\/08\/ard-musikwettbewerb-300x169.jpg 300w, http:\/\/almos-tallos.com\/wp-content\/uploads\/2023\/08\/ard-musikwettbewerb-18x10.jpg 18w\" sizes=\"(max-width: 648px) 100vw, 648px\" \/>\t\t\t\t\t\t\t\t\t\t\t\t\t\t\t<\/div>\n\t\t\t\t<\/div>\n\t\t\t\t<div class=\"elementor-element elementor-element-29df1c2 elementor-widget elementor-widget-text-editor\" data-id=\"29df1c2\" data-element_type=\"widget\" data-e-type=\"widget\" data-widget_type=\"text-editor.default\">\n\t\t\t\t<div class=\"elementor-widget-container\">\n\t\t\t\t\t\t\t\t\t<p>ARD INTERNATIONAL MUSIC COMPETITION 2023 IN MUNICH<\/p><p><strong>30. AUGUST 2023<\/strong> \u00a0 I \u00a0\u00a0 Hochschule f\u00fcr Musik und Theater M\u00fcnchen, Gro\u00dfer Konzertsaal, Arcisstr. 12, <span class=\"LrzXr\">80333 M\u00fcnchen<\/span><\/p>\t\t\t\t\t\t\t\t<\/div>\n\t\t\t\t<\/div>\n\t\t\t\t<div class=\"elementor-element elementor-element-c145f5b elementor-align-justify elementor-widget elementor-widget-button\" data-id=\"c145f5b\" data-element_type=\"widget\" data-e-type=\"widget\" data-widget_type=\"button.default\">\n\t\t\t\t<div class=\"elementor-widget-container\">\n\t\t\t\t\t\t\t\t\t<div class=\"elementor-button-wrapper\">\n\t\t\t\t\t<a class=\"elementor-button elementor-button-link elementor-size-sm elementor-animation-grow\" href=\"https:\/\/www.br.de\/ard-musikwettbewerb\/wettbewerb\/fach-1\/index.html\" target=\"_blank\">\n\t\t\t\t\t\t<span class=\"elementor-button-content-wrapper\">\n\t\t\t\t\t\t<span class=\"elementor-button-icon\">\n\t\t\t\t<i aria-hidden=\"true\" class=\"fas fa-arrow-alt-circle-right\"><\/i>\t\t\t<\/span>\n\t\t\t\t\t\t\t\t\t<span class=\"elementor-button-text\">INFOS<\/span>\n\t\t\t\t\t<\/span>\n\t\t\t\t\t<\/a>\n\t\t\t\t<\/div>\n\t\t\t\t\t\t\t\t<\/div>\n\t\t\t\t<\/div>\n\t\t\t\t\t<\/div>\n\t\t<\/div>\n\t\t\t\t<div class=\"elementor-column elementor-col-50 elementor-top-column elementor-element elementor-element-2087822\" data-id=\"2087822\" data-element_type=\"column\" data-e-type=\"column\">\n\t\t\t<div class=\"elementor-widget-wrap\">\n\t\t\t\t\t\t\t<\/div>\n\t\t<\/div>\n\t\t\t\t\t<\/div>\n\t\t<\/section>\n\t\t\t\t<section class=\"elementor-section elementor-top-section elementor-element elementor-element-ac79d97 elementor-section-boxed elementor-section-height-default elementor-section-height-default\" data-id=\"ac79d97\" data-element_type=\"section\" data-e-type=\"section\">\n\t\t\t\t\t\t<div class=\"elementor-container elementor-column-gap-default\">\n\t\t\t\t\t<div class=\"elementor-column elementor-col-50 elementor-top-column elementor-element elementor-element-5474a79\" data-id=\"5474a79\" data-element_type=\"column\" data-e-type=\"column\">\n\t\t\t<div class=\"elementor-widget-wrap\">\n\t\t\t\t\t\t\t<\/div>\n\t\t<\/div>\n\t\t\t\t<div class=\"elementor-column elementor-col-50 elementor-top-column elementor-element elementor-element-5810b09\" data-id=\"5810b09\" data-element_type=\"column\" data-e-type=\"column\">\n\t\t\t<div class=\"elementor-widget-wrap elementor-element-populated\">\n\t\t\t\t\t\t<div class=\"elementor-element elementor-element-2858117 elementor-widget elementor-widget-image\" data-id=\"2858117\" data-element_type=\"widget\" data-e-type=\"widget\" data-widget_type=\"image.default\">\n\t\t\t\t<div class=\"elementor-widget-container\">\n\t\t\t\t\t\t\t\t\t\t\t\t\t\t\t<img loading=\"lazy\" decoding=\"async\" width=\"648\" height=\"364\" src=\"http:\/\/almos-tallos.com\/wp-content\/uploads\/2023\/08\/Parkfunkeln-Norderstedt.jpg\" class=\"attachment-large size-large wp-image-668\" alt=\"\" srcset=\"http:\/\/almos-tallos.com\/wp-content\/uploads\/2023\/08\/Parkfunkeln-Norderstedt.jpg 648w, http:\/\/almos-tallos.com\/wp-content\/uploads\/2023\/08\/Parkfunkeln-Norderstedt-300x169.jpg 300w, http:\/\/almos-tallos.com\/wp-content\/uploads\/2023\/08\/Parkfunkeln-Norderstedt-18x10.jpg 18w\" sizes=\"(max-width: 648px) 100vw, 648px\" \/>\t\t\t\t\t\t\t\t\t\t\t\t\t\t\t<\/div>\n\t\t\t\t<\/div>\n\t\t\t\t<div class=\"elementor-element elementor-element-fe2ff7b elementor-widget elementor-widget-text-editor\" data-id=\"fe2ff7b\" data-element_type=\"widget\" data-e-type=\"widget\" data-widget_type=\"text-editor.default\">\n\t\t\t\t<div class=\"elementor-widget-container\">\n\t\t\t\t\t\t\t\t\t<p>SOLO CONCERT \/ SUMMER FESTIVAL IN THE CITY PARK NORDERSTEDT 2023<\/p><p>KONZERTTERMINE <strong>17. \/19.\/ 24. AUGUST 2023 jeweils von 21:00 bis 24:00 UHR<\/strong><\/p>\t\t\t\t\t\t\t\t<\/div>\n\t\t\t\t<\/div>\n\t\t\t\t<div class=\"elementor-element elementor-element-f99099a elementor-align-justify elementor-widget elementor-widget-button\" data-id=\"f99099a\" data-element_type=\"widget\" data-e-type=\"widget\" data-widget_type=\"button.default\">\n\t\t\t\t<div class=\"elementor-widget-container\">\n\t\t\t\t\t\t\t\t\t<div class=\"elementor-button-wrapper\">\n\t\t\t\t\t<a class=\"elementor-button elementor-button-link elementor-size-sm elementor-animation-grow\" href=\"https:\/\/www.parkfunkeln-norderstedt.de\/\" target=\"_blank\">\n\t\t\t\t\t\t<span class=\"elementor-button-content-wrapper\">\n\t\t\t\t\t\t<span class=\"elementor-button-icon\">\n\t\t\t\t<i aria-hidden=\"true\" class=\"fas fa-arrow-alt-circle-right\"><\/i>\t\t\t<\/span>\n\t\t\t\t\t\t\t\t\t<span class=\"elementor-button-text\">INFOS<\/span>\n\t\t\t\t\t<\/span>\n\t\t\t\t\t<\/a>\n\t\t\t\t<\/div>\n\t\t\t\t\t\t\t\t<\/div>\n\t\t\t\t<\/div>\n\t\t\t\t\t<\/div>\n\t\t<\/div>\n\t\t\t\t\t<\/div>\n\t\t<\/section>\n\t\t\t\t<section class=\"elementor-section elementor-top-section elementor-element elementor-element-aa1e197 elementor-section-height-min-height elementor-section-boxed elementor-section-height-default elementor-section-items-middle\" data-id=\"aa1e197\" data-element_type=\"section\" data-e-type=\"section\">\n\t\t\t\t\t\t<div class=\"elementor-container elementor-column-gap-default\">\n\t\t\t\t\t<div class=\"elementor-column elementor-col-100 elementor-top-column elementor-element elementor-element-e1262a7\" data-id=\"e1262a7\" data-element_type=\"column\" data-e-type=\"column\">\n\t\t\t<div class=\"elementor-widget-wrap elementor-element-populated\">\n\t\t\t\t\t\t\t<\/div>\n\t\t<\/div>\n\t\t\t\t\t<\/div>\n\t\t<\/section>\n\t\t\t\t<section class=\"elementor-section elementor-top-section elementor-element elementor-element-75dd3292 elementor-section-boxed elementor-section-height-default elementor-section-height-default\" data-id=\"75dd3292\" data-element_type=\"section\" data-e-type=\"section\" data-settings=\"{&quot;background_background&quot;:&quot;classic&quot;}\">\n\t\t\t\t\t\t<div class=\"elementor-container elementor-column-gap-default\">\n\t\t\t\t\t<div class=\"elementor-column elementor-col-33 elementor-top-column elementor-element elementor-element-432a1f7\" data-id=\"432a1f7\" data-element_type=\"column\" data-e-type=\"column\">\n\t\t\t<div class=\"elementor-widget-wrap elementor-element-populated\">\n\t\t\t\t\t\t<div class=\"elementor-element elementor-element-248b95d3 elementor-invisible elementor-widget elementor-widget-heading\" data-id=\"248b95d3\" data-element_type=\"widget\" data-e-type=\"widget\" data-settings=\"{&quot;_animation&quot;:&quot;fadeIn&quot;}\" data-widget_type=\"heading.default\">\n\t\t\t\t<div class=\"elementor-widget-container\">\n\t\t\t\t\t<h4 class=\"elementor-heading-title elementor-size-default\">\u00c1LMOS L\u00c1SZL\u00d3 TALL\u00d3S<\/h4>\t\t\t\t<\/div>\n\t\t\t\t<\/div>\n\t\t\t\t<div class=\"elementor-element elementor-element-18268dce elementor-widget-divider--view-line elementor-invisible elementor-widget elementor-widget-divider\" data-id=\"18268dce\" data-element_type=\"widget\" data-e-type=\"widget\" data-settings=\"{&quot;_animation&quot;:&quot;fadeIn&quot;}\" data-widget_type=\"divider.default\">\n\t\t\t\t<div class=\"elementor-widget-container\">\n\t\t\t\t\t\t\t<div class=\"elementor-divider\">\n\t\t\t<span class=\"elementor-divider-separator\">\n\t\t\t\t\t\t<\/span>\n\t\t<\/div>\n\t\t\t\t\t\t<\/div>\n\t\t\t\t<\/div>\n\t\t\t\t<div class=\"elementor-element elementor-element-16bad240 elementor-widget elementor-widget-text-editor\" data-id=\"16bad240\" data-element_type=\"widget\" data-e-type=\"widget\" data-widget_type=\"text-editor.default\">\n\t\t\t\t<div class=\"elementor-widget-container\">\n\t\t\t\t\t\t\t\t\t<p>(c) 2023 All Rights Reserved.<\/p>\t\t\t\t\t\t\t\t<\/div>\n\t\t\t\t<\/div>\n\t\t\t\t\t<\/div>\n\t\t<\/div>\n\t\t\t\t<div class=\"elementor-column elementor-col-33 elementor-top-column elementor-element elementor-element-25dc8d93\" data-id=\"25dc8d93\" data-element_type=\"column\" data-e-type=\"column\">\n\t\t\t<div class=\"elementor-widget-wrap elementor-element-populated\">\n\t\t\t\t\t\t<div class=\"elementor-element elementor-element-2f5a9586 elementor-invisible elementor-widget elementor-widget-heading\" data-id=\"2f5a9586\" data-element_type=\"widget\" data-e-type=\"widget\" data-settings=\"{&quot;_animation&quot;:&quot;fadeIn&quot;}\" data-widget_type=\"heading.default\">\n\t\t\t\t<div class=\"elementor-widget-container\">\n\t\t\t\t\t<h4 class=\"elementor-heading-title elementor-size-default\">LINKS<\/h4>\t\t\t\t<\/div>\n\t\t\t\t<\/div>\n\t\t\t\t<div class=\"elementor-element elementor-element-4fbe4e6d elementor-widget-divider--view-line elementor-invisible elementor-widget elementor-widget-divider\" data-id=\"4fbe4e6d\" data-element_type=\"widget\" data-e-type=\"widget\" data-settings=\"{&quot;_animation&quot;:&quot;fadeIn&quot;}\" data-widget_type=\"divider.default\">\n\t\t\t\t<div class=\"elementor-widget-container\">\n\t\t\t\t\t\t\t<div class=\"elementor-divider\">\n\t\t\t<span class=\"elementor-divider-separator\">\n\t\t\t\t\t\t<\/span>\n\t\t<\/div>\n\t\t\t\t\t\t<\/div>\n\t\t\t\t<\/div>\n\t\t\t\t<div class=\"elementor-element elementor-element-7a7048d8 elementor-align-start elementor-icon-list--layout-traditional elementor-list-item-link-full_width elementor-widget elementor-widget-icon-list\" data-id=\"7a7048d8\" data-element_type=\"widget\" data-e-type=\"widget\" data-widget_type=\"icon-list.default\">\n\t\t\t\t<div class=\"elementor-widget-container\">\n\t\t\t\t\t\t\t<ul class=\"elementor-icon-list-items\">\n\t\t\t\t\t\t\t<li class=\"elementor-icon-list-item\">\n\t\t\t\t\t\t\t\t\t\t\t<a href=\"http:\/\/almos-tallos.com\/en\/contact\/\">\n\n\t\t\t\t\t\t\t\t\t\t\t\t<span class=\"elementor-icon-list-icon\">\n\t\t\t\t\t\t\t<i aria-hidden=\"true\" class=\"fas fa-circle\"><\/i>\t\t\t\t\t\t<\/span>\n\t\t\t\t\t\t\t\t\t\t<span class=\"elementor-icon-list-text\">CONTACT<\/span>\n\t\t\t\t\t\t\t\t\t\t\t<\/a>\n\t\t\t\t\t\t\t\t\t<\/li>\n\t\t\t\t\t\t\t\t<li class=\"elementor-icon-list-item\">\n\t\t\t\t\t\t\t\t\t\t\t<a href=\"http:\/\/almos-tallos.com\/en\/impressum\/\">\n\n\t\t\t\t\t\t\t\t\t\t\t\t<span class=\"elementor-icon-list-icon\">\n\t\t\t\t\t\t\t<i aria-hidden=\"true\" class=\"fas fa-circle\"><\/i>\t\t\t\t\t\t<\/span>\n\t\t\t\t\t\t\t\t\t\t<span class=\"elementor-icon-list-text\">LEGAL NOTICE<\/span>\n\t\t\t\t\t\t\t\t\t\t\t<\/a>\n\t\t\t\t\t\t\t\t\t<\/li>\n\t\t\t\t\t\t\t\t<li class=\"elementor-icon-list-item\">\n\t\t\t\t\t\t\t\t\t\t\t<a href=\"http:\/\/almos-tallos.com\/en\/datenschutzerklaerung\/\">\n\n\t\t\t\t\t\t\t\t\t\t\t\t<span class=\"elementor-icon-list-icon\">\n\t\t\t\t\t\t\t<i aria-hidden=\"true\" class=\"fas fa-circle\"><\/i>\t\t\t\t\t\t<\/span>\n\t\t\t\t\t\t\t\t\t\t<span class=\"elementor-icon-list-text\">PRIVACY<\/span>\n\t\t\t\t\t\t\t\t\t\t\t<\/a>\n\t\t\t\t\t\t\t\t\t<\/li>\n\t\t\t\t\t\t<\/ul>\n\t\t\t\t\t\t<\/div>\n\t\t\t\t<\/div>\n\t\t\t\t\t<\/div>\n\t\t<\/div>\n\t\t\t\t<div class=\"elementor-column elementor-col-33 elementor-top-column elementor-element elementor-element-55bca2bb\" data-id=\"55bca2bb\" data-element_type=\"column\" data-e-type=\"column\">\n\t\t\t<div class=\"elementor-widget-wrap elementor-element-populated\">\n\t\t\t\t\t\t<div class=\"elementor-element elementor-element-8f30a81 elementor-invisible elementor-widget elementor-widget-heading\" data-id=\"8f30a81\" data-element_type=\"widget\" data-e-type=\"widget\" data-settings=\"{&quot;_animation&quot;:&quot;fadeIn&quot;}\" data-widget_type=\"heading.default\">\n\t\t\t\t<div class=\"elementor-widget-container\">\n\t\t\t\t\t<h4 class=\"elementor-heading-title elementor-size-default\">SOCIAL<\/h4>\t\t\t\t<\/div>\n\t\t\t\t<\/div>\n\t\t\t\t<div class=\"elementor-element elementor-element-700d3749 elementor-widget-divider--view-line elementor-invisible elementor-widget elementor-widget-divider\" data-id=\"700d3749\" data-element_type=\"widget\" data-e-type=\"widget\" data-settings=\"{&quot;_animation&quot;:&quot;fadeIn&quot;}\" data-widget_type=\"divider.default\">\n\t\t\t\t<div class=\"elementor-widget-container\">\n\t\t\t\t\t\t\t<div class=\"elementor-divider\">\n\t\t\t<span class=\"elementor-divider-separator\">\n\t\t\t\t\t\t<\/span>\n\t\t<\/div>\n\t\t\t\t\t\t<\/div>\n\t\t\t\t<\/div>\n\t\t\t\t<div class=\"elementor-element elementor-element-7aa1c810 e-grid-align-left e-grid-align-tablet-left elementor-shape-circle elementor-grid-0 elementor-widget elementor-widget-social-icons\" data-id=\"7aa1c810\" data-element_type=\"widget\" data-e-type=\"widget\" data-widget_type=\"social-icons.default\">\n\t\t\t\t<div class=\"elementor-widget-container\">\n\t\t\t\t\t\t\t<div class=\"elementor-social-icons-wrapper elementor-grid\" role=\"list\">\n\t\t\t\t\t\t\t<span class=\"elementor-grid-item\" role=\"listitem\">\n\t\t\t\t\t<a class=\"elementor-icon elementor-social-icon elementor-social-icon-instagram elementor-repeater-item-b393bc8\" href=\"https:\/\/www.instagram.com\/almostallos\/\" target=\"_blank\">\n\t\t\t\t\t\t<span class=\"elementor-screen-only\">Instagram<\/span>\n\t\t\t\t\t\t<i aria-hidden=\"true\" class=\"fab fa-instagram\"><\/i>\t\t\t\t\t<\/a>\n\t\t\t\t<\/span>\n\t\t\t\t\t\t\t<span class=\"elementor-grid-item\" role=\"listitem\">\n\t\t\t\t\t<a class=\"elementor-icon elementor-social-icon elementor-social-icon-facebook-f elementor-repeater-item-0444518\" href=\"https:\/\/www.facebook.com\/almos.tallos\" target=\"_blank\">\n\t\t\t\t\t\t<span class=\"elementor-screen-only\">Facebook-f<\/span>\n\t\t\t\t\t\t<i aria-hidden=\"true\" class=\"fab fa-facebook-f\"><\/i>\t\t\t\t\t<\/a>\n\t\t\t\t<\/span>\n\t\t\t\t\t<\/div>\n\t\t\t\t\t\t<\/div>\n\t\t\t\t<\/div>\n\t\t\t\t\t<\/div>\n\t\t<\/div>\n\t\t\t\t\t<\/div>\n\t\t<\/section>\n\t\t\t\t<section class=\"elementor-section elementor-top-section elementor-element elementor-element-ca5ea17 elementor-section-boxed elementor-section-height-default elementor-section-height-default\" data-id=\"ca5ea17\" data-element_type=\"section\" data-e-type=\"section\">\n\t\t\t\t\t\t<div class=\"elementor-container elementor-column-gap-default\">\n\t\t\t\t\t<div class=\"elementor-column elementor-col-100 elementor-top-column elementor-element elementor-element-ea46acf\" data-id=\"ea46acf\" data-element_type=\"column\" data-e-type=\"column\">\n\t\t\t<div class=\"elementor-widget-wrap elementor-element-populated\">\n\t\t\t\t\t\t<div class=\"elementor-element elementor-element-82f766c elementor-widget elementor-widget-text-editor\" data-id=\"82f766c\" data-element_type=\"widget\" data-e-type=\"widget\" data-widget_type=\"text-editor.default\">\n\t\t\t\t<div class=\"elementor-widget-container\">\n\t\t\t\t\t\t\t\t\t<p>Lorem ipsum dolor sit amet, consectetur adipiscing elit. Ut elit tellus, luctus nec ullamcorper mattis, pulvinar dapibus leo.<\/p>\t\t\t\t\t\t\t\t<\/div>\n\t\t\t\t<\/div>\n\t\t\t\t\t<\/div>\n\t\t<\/div>\n\t\t\t\t\t<\/div>\n\t\t<\/section>\n\t\t\t\t<\/div>","protected":false},"excerpt":{"rendered":"<p>AKTUELLE KONZERTE &amp; WETTBEWERBE 2026 22., 28.03.2026 \u00a0I\u00a0 03., 06., 11.04.2026 R. Wagner: LohengrinStaatsoper Hamburg,\u00a0Gro\u00dfe Theaterstra\u00dfe 25, 20354 Hamburg Mehr Infos und Tickets: INFOS 12., 15., 17., 25.04.2026\u00a0 \u00a0 I \u00a0 \u00a015., 20., 22.05.2026 Frauenliebe- und SterbenSchumann\/Bart\u00f3k\/ZemlinskyStaatsoper Hamburg,\u00a0Gro\u00dfe Theaterstra\u00dfe 25, 20354 Hamburg Mehr Infos und Tickets: INFOS 20., 25.03.2026 G. Verdi: Il TrovatoreStaatsoper Hamburg,\u00a0Gro\u00dfe Theaterstra\u00dfe [&hellip;]<\/p>\n","protected":false},"author":1,"featured_media":0,"parent":0,"menu_order":0,"comment_status":"closed","ping_status":"closed","template":"","meta":{"_crdt_document":"","ocean_post_layout":"full-screen","ocean_both_sidebars_style":"","ocean_both_sidebars_content_width":0,"ocean_both_sidebars_sidebars_width":0,"ocean_sidebar":"0","ocean_second_sidebar":"0","ocean_disable_margins":"enable","ocean_add_body_class":"","ocean_shortcode_before_top_bar":"","ocean_shortcode_after_top_bar":"","ocean_shortcode_before_header":"","ocean_shortcode_after_header":"","ocean_has_shortcode":"","ocean_shortcode_after_title":"","ocean_shortcode_before_footer_widgets":"","ocean_shortcode_after_footer_widgets":"","ocean_shortcode_before_footer_bottom":"","ocean_shortcode_after_footer_bottom":"","ocean_display_top_bar":"off","ocean_display_header":"default","ocean_header_style":"","ocean_center_header_left_menu":"0","ocean_custom_header_template":"0","ocean_custom_logo":0,"ocean_custom_retina_logo":0,"ocean_custom_logo_max_width":0,"ocean_custom_logo_tablet_max_width":0,"ocean_custom_logo_mobile_max_width":0,"ocean_custom_logo_max_height":0,"ocean_custom_logo_tablet_max_height":0,"ocean_custom_logo_mobile_max_height":0,"ocean_header_custom_menu":"0","ocean_menu_typo_font_family":"0","ocean_menu_typo_font_subset":"","ocean_menu_typo_font_size":0,"ocean_menu_typo_font_size_tablet":0,"ocean_menu_typo_font_size_mobile":0,"ocean_menu_typo_font_size_unit":"px","ocean_menu_typo_font_weight":"","ocean_menu_typo_font_weight_tablet":"","ocean_menu_typo_font_weight_mobile":"","ocean_menu_typo_transform":"","ocean_menu_typo_transform_tablet":"","ocean_menu_typo_transform_mobile":"","ocean_menu_typo_line_height":0,"ocean_menu_typo_line_height_tablet":0,"ocean_menu_typo_line_height_mobile":0,"ocean_menu_typo_line_height_unit":"","ocean_menu_typo_spacing":0,"ocean_menu_typo_spacing_tablet":0,"ocean_menu_typo_spacing_mobile":0,"ocean_menu_typo_spacing_unit":"","ocean_menu_link_color":"","ocean_menu_link_color_hover":"","ocean_menu_link_color_active":"","ocean_menu_link_background":"","ocean_menu_link_hover_background":"","ocean_menu_link_active_background":"","ocean_menu_social_links_bg":"","ocean_menu_social_hover_links_bg":"","ocean_menu_social_links_color":"","ocean_menu_social_hover_links_color":"","ocean_disable_title":"on","ocean_disable_heading":"default","ocean_post_title":"","ocean_post_subheading":"","ocean_post_title_style":"","ocean_post_title_background_color":"","ocean_post_title_background":0,"ocean_post_title_bg_image_position":"","ocean_post_title_bg_image_attachment":"","ocean_post_title_bg_image_repeat":"","ocean_post_title_bg_image_size":"","ocean_post_title_height":0,"ocean_post_title_bg_overlay":0.5,"ocean_post_title_bg_overlay_color":"","ocean_disable_breadcrumbs":"default","ocean_breadcrumbs_color":"","ocean_breadcrumbs_separator_color":"","ocean_breadcrumbs_links_color":"","ocean_breadcrumbs_links_hover_color":"","ocean_display_footer_widgets":"off","ocean_display_footer_bottom":"off","ocean_custom_footer_template":"0","footnotes":""},"class_list":["post-18","page","type-page","status-publish","hentry","entry"],"yoast_head":"<!-- This site is optimized with the Yoast SEO plugin v27.5 - https:\/\/yoast.com\/product\/yoast-seo-wordpress\/ -->\n<title>TERMINE - Almos Tallos<\/title>\n<meta name=\"robots\" content=\"index, follow, max-snippet:-1, max-image-preview:large, max-video-preview:-1\" \/>\n<link rel=\"canonical\" href=\"http:\/\/almos-tallos.com\/en\/termine\/\" \/>\n<meta property=\"og:locale\" content=\"en_GB\" \/>\n<meta property=\"og:type\" content=\"article\" \/>\n<meta property=\"og:title\" content=\"TERMINE - Almos Tallos\" \/>\n<meta property=\"og:description\" content=\"AKTUELLE KONZERTE &amp; WETTBEWERBE 2026 22., 28.03.2026 \u00a0I\u00a0 03., 06., 11.04.2026 R. Wagner: LohengrinStaatsoper Hamburg,\u00a0Gro\u00dfe Theaterstra\u00dfe 25, 20354 Hamburg Mehr Infos und Tickets: INFOS 12., 15., 17., 25.04.2026\u00a0 \u00a0 I \u00a0 \u00a015., 20., 22.05.2026 Frauenliebe- und SterbenSchumann\/Bart\u00f3k\/ZemlinskyStaatsoper Hamburg,\u00a0Gro\u00dfe Theaterstra\u00dfe 25, 20354 Hamburg Mehr Infos und Tickets: INFOS 20., 25.03.2026 G. Verdi: Il TrovatoreStaatsoper Hamburg,\u00a0Gro\u00dfe Theaterstra\u00dfe [&hellip;]\" \/>\n<meta property=\"og:url\" content=\"http:\/\/almos-tallos.com\/en\/termine\/\" \/>\n<meta property=\"og:site_name\" content=\"Almos Tallos\" \/>\n<meta property=\"article:modified_time\" content=\"2026-03-14T12:05:15+00:00\" \/>\n<meta property=\"og:image\" content=\"http:\/\/almos-tallos.com\/wp-content\/uploads\/2025\/04\/P1024491-Kopie.jpg\" \/>\n\t<meta property=\"og:image:width\" content=\"1800\" \/>\n\t<meta property=\"og:image:height\" content=\"1067\" \/>\n\t<meta property=\"og:image:type\" content=\"image\/jpeg\" \/>\n<meta name=\"twitter:card\" content=\"summary_large_image\" \/>\n<meta name=\"twitter:label1\" content=\"Estimated reading time\" \/>\n\t<meta name=\"twitter:data1\" content=\"7 minutes\" \/>\n<script type=\"application\/ld+json\" class=\"yoast-schema-graph\">{\"@context\":\"https:\\\/\\\/schema.org\",\"@graph\":[{\"@type\":\"WebPage\",\"@id\":\"http:\\\/\\\/almos-tallos.com\\\/termine\\\/\",\"url\":\"http:\\\/\\\/almos-tallos.com\\\/termine\\\/\",\"name\":\"TERMINE - Almos Tallos\",\"isPartOf\":{\"@id\":\"http:\\\/\\\/almos-tallos.com\\\/#website\"},\"primaryImageOfPage\":{\"@id\":\"http:\\\/\\\/almos-tallos.com\\\/termine\\\/#primaryimage\"},\"image\":{\"@id\":\"http:\\\/\\\/almos-tallos.com\\\/termine\\\/#primaryimage\"},\"thumbnailUrl\":\"http:\\\/\\\/almos-tallos.com\\\/wp-content\\\/uploads\\\/2025\\\/04\\\/P1024491-Kopie-1536x911.jpg\",\"datePublished\":\"2023-07-14T12:13:59+00:00\",\"dateModified\":\"2026-03-14T12:05:15+00:00\",\"breadcrumb\":{\"@id\":\"http:\\\/\\\/almos-tallos.com\\\/termine\\\/#breadcrumb\"},\"inLanguage\":\"en-GB\",\"potentialAction\":[{\"@type\":\"ReadAction\",\"target\":[\"http:\\\/\\\/almos-tallos.com\\\/termine\\\/\"]}]},{\"@type\":\"ImageObject\",\"inLanguage\":\"en-GB\",\"@id\":\"http:\\\/\\\/almos-tallos.com\\\/termine\\\/#primaryimage\",\"url\":\"http:\\\/\\\/almos-tallos.com\\\/wp-content\\\/uploads\\\/2025\\\/04\\\/P1024491-Kopie-1536x911.jpg\",\"contentUrl\":\"http:\\\/\\\/almos-tallos.com\\\/wp-content\\\/uploads\\\/2025\\\/04\\\/P1024491-Kopie-1536x911.jpg\"},{\"@type\":\"BreadcrumbList\",\"@id\":\"http:\\\/\\\/almos-tallos.com\\\/termine\\\/#breadcrumb\",\"itemListElement\":[{\"@type\":\"ListItem\",\"position\":1,\"name\":\"Startseite\",\"item\":\"http:\\\/\\\/almos-tallos.com\\\/\"},{\"@type\":\"ListItem\",\"position\":2,\"name\":\"TERMINE\"}]},{\"@type\":\"WebSite\",\"@id\":\"http:\\\/\\\/almos-tallos.com\\\/#website\",\"url\":\"http:\\\/\\\/almos-tallos.com\\\/\",\"name\":\"Almos Tallos\",\"description\":\"\",\"publisher\":{\"@id\":\"http:\\\/\\\/almos-tallos.com\\\/#organization\"},\"potentialAction\":[{\"@type\":\"SearchAction\",\"target\":{\"@type\":\"EntryPoint\",\"urlTemplate\":\"http:\\\/\\\/almos-tallos.com\\\/?s={search_term_string}\"},\"query-input\":{\"@type\":\"PropertyValueSpecification\",\"valueRequired\":true,\"valueName\":\"search_term_string\"}}],\"inLanguage\":\"en-GB\"},{\"@type\":\"Organization\",\"@id\":\"http:\\\/\\\/almos-tallos.com\\\/#organization\",\"name\":\"Almos Tallos\",\"url\":\"http:\\\/\\\/almos-tallos.com\\\/\",\"logo\":{\"@type\":\"ImageObject\",\"inLanguage\":\"en-GB\",\"@id\":\"http:\\\/\\\/almos-tallos.com\\\/#\\\/schema\\\/logo\\\/image\\\/\",\"url\":\"http:\\\/\\\/almos-tallos.com\\\/wp-content\\\/uploads\\\/2023\\\/07\\\/cropped-TALLOS_LOGO.png\",\"contentUrl\":\"http:\\\/\\\/almos-tallos.com\\\/wp-content\\\/uploads\\\/2023\\\/07\\\/cropped-TALLOS_LOGO.png\",\"width\":608,\"height\":118,\"caption\":\"Almos Tallos\"},\"image\":{\"@id\":\"http:\\\/\\\/almos-tallos.com\\\/#\\\/schema\\\/logo\\\/image\\\/\"}}]}<\/script>\n<!-- \/ Yoast SEO plugin. -->","yoast_head_json":{"title":"TERMINE - Almos Tallos","robots":{"index":"index","follow":"follow","max-snippet":"max-snippet:-1","max-image-preview":"max-image-preview:large","max-video-preview":"max-video-preview:-1"},"canonical":"http:\/\/almos-tallos.com\/en\/termine\/","og_locale":"en_GB","og_type":"article","og_title":"TERMINE - Almos Tallos","og_description":"AKTUELLE KONZERTE &amp; WETTBEWERBE 2026 22., 28.03.2026 \u00a0I\u00a0 03., 06., 11.04.2026 R. Wagner: LohengrinStaatsoper Hamburg,\u00a0Gro\u00dfe Theaterstra\u00dfe 25, 20354 Hamburg Mehr Infos und Tickets: INFOS 12., 15., 17., 25.04.2026\u00a0 \u00a0 I \u00a0 \u00a015., 20., 22.05.2026 Frauenliebe- und SterbenSchumann\/Bart\u00f3k\/ZemlinskyStaatsoper Hamburg,\u00a0Gro\u00dfe Theaterstra\u00dfe 25, 20354 Hamburg Mehr Infos und Tickets: INFOS 20., 25.03.2026 G. Verdi: Il TrovatoreStaatsoper Hamburg,\u00a0Gro\u00dfe Theaterstra\u00dfe [&hellip;]","og_url":"http:\/\/almos-tallos.com\/en\/termine\/","og_site_name":"Almos Tallos","article_modified_time":"2026-03-14T12:05:15+00:00","og_image":[{"width":1800,"height":1067,"url":"http:\/\/almos-tallos.com\/wp-content\/uploads\/2025\/04\/P1024491-Kopie.jpg","type":"image\/jpeg"}],"twitter_card":"summary_large_image","twitter_misc":{"Estimated reading time":"7 minutes"},"schema":{"@context":"https:\/\/schema.org","@graph":[{"@type":"WebPage","@id":"http:\/\/almos-tallos.com\/termine\/","url":"http:\/\/almos-tallos.com\/termine\/","name":"TERMINE - Almos Tallos","isPartOf":{"@id":"http:\/\/almos-tallos.com\/#website"},"primaryImageOfPage":{"@id":"http:\/\/almos-tallos.com\/termine\/#primaryimage"},"image":{"@id":"http:\/\/almos-tallos.com\/termine\/#primaryimage"},"thumbnailUrl":"http:\/\/almos-tallos.com\/wp-content\/uploads\/2025\/04\/P1024491-Kopie-1536x911.jpg","datePublished":"2023-07-14T12:13:59+00:00","dateModified":"2026-03-14T12:05:15+00:00","breadcrumb":{"@id":"http:\/\/almos-tallos.com\/termine\/#breadcrumb"},"inLanguage":"en-GB","potentialAction":[{"@type":"ReadAction","target":["http:\/\/almos-tallos.com\/termine\/"]}]},{"@type":"ImageObject","inLanguage":"en-GB","@id":"http:\/\/almos-tallos.com\/termine\/#primaryimage","url":"http:\/\/almos-tallos.com\/wp-content\/uploads\/2025\/04\/P1024491-Kopie-1536x911.jpg","contentUrl":"http:\/\/almos-tallos.com\/wp-content\/uploads\/2025\/04\/P1024491-Kopie-1536x911.jpg"},{"@type":"BreadcrumbList","@id":"http:\/\/almos-tallos.com\/termine\/#breadcrumb","itemListElement":[{"@type":"ListItem","position":1,"name":"Startseite","item":"http:\/\/almos-tallos.com\/"},{"@type":"ListItem","position":2,"name":"TERMINE"}]},{"@type":"WebSite","@id":"http:\/\/almos-tallos.com\/#website","url":"http:\/\/almos-tallos.com\/","name":"Almos Tallos","description":"","publisher":{"@id":"http:\/\/almos-tallos.com\/#organization"},"potentialAction":[{"@type":"SearchAction","target":{"@type":"EntryPoint","urlTemplate":"http:\/\/almos-tallos.com\/?s={search_term_string}"},"query-input":{"@type":"PropertyValueSpecification","valueRequired":true,"valueName":"search_term_string"}}],"inLanguage":"en-GB"},{"@type":"Organization","@id":"http:\/\/almos-tallos.com\/#organization","name":"Almos Tallos","url":"http:\/\/almos-tallos.com\/","logo":{"@type":"ImageObject","inLanguage":"en-GB","@id":"http:\/\/almos-tallos.com\/#\/schema\/logo\/image\/","url":"http:\/\/almos-tallos.com\/wp-content\/uploads\/2023\/07\/cropped-TALLOS_LOGO.png","contentUrl":"http:\/\/almos-tallos.com\/wp-content\/uploads\/2023\/07\/cropped-TALLOS_LOGO.png","width":608,"height":118,"caption":"Almos Tallos"},"image":{"@id":"http:\/\/almos-tallos.com\/#\/schema\/logo\/image\/"}}]}},"_links":{"self":[{"href":"http:\/\/almos-tallos.com\/en\/wp-json\/wp\/v2\/pages\/18","targetHints":{"allow":["GET"]}}],"collection":[{"href":"http:\/\/almos-tallos.com\/en\/wp-json\/wp\/v2\/pages"}],"about":[{"href":"http:\/\/almos-tallos.com\/en\/wp-json\/wp\/v2\/types\/page"}],"author":[{"embeddable":true,"href":"http:\/\/almos-tallos.com\/en\/wp-json\/wp\/v2\/users\/1"}],"replies":[{"embeddable":true,"href":"http:\/\/almos-tallos.com\/en\/wp-json\/wp\/v2\/comments?post=18"}],"version-history":[{"count":255,"href":"http:\/\/almos-tallos.com\/en\/wp-json\/wp\/v2\/pages\/18\/revisions"}],"predecessor-version":[{"id":948,"href":"http:\/\/almos-tallos.com\/en\/wp-json\/wp\/v2\/pages\/18\/revisions\/948"}],"wp:attachment":[{"href":"http:\/\/almos-tallos.com\/en\/wp-json\/wp\/v2\/media?parent=18"}],"curies":[{"name":"wp","href":"https:\/\/api.w.org\/{rel}","templated":true}]}}